{"id":4806,"date":"2026-01-08T15:45:46","date_gmt":"2026-01-08T14:45:46","guid":{"rendered":"https:\/\/lepetitatelier-architectes.fr\/?page_id=4806"},"modified":"2026-01-09T12:35:57","modified_gmt":"2026-01-09T11:35:57","slug":"chanteloup","status":"publish","type":"page","link":"https:\/\/lepetitatelier-architectes.fr\/index.php\/chanteloup\/","title":{"rendered":"Chanteloup"},"content":{"rendered":"\t\t<div data-elementor-type=\"wp-page\" data-elementor-id=\"4806\" class=\"elementor elementor-4806\">\n\t\t\t\t<div class=\"elementor-element elementor-element-d1fcaae e-con-full e-flex e-con e-parent\" data-id=\"d1fcaae\" data-element_type=\"container\" data-e-type=\"container\" data-settings=\"{&quot;background_background&quot;:&quot;classic&quot;}\">\n\t\t\t\t<div class=\"elementor-element elementor-element-48eab41 elementor-widget elementor-widget-heading\" data-id=\"48eab41\" data-element_type=\"widget\" data-e-type=\"widget\" data-widget_type=\"heading.default\">\n\t\t\t\t<div class=\"elementor-widget-container\">\n\t\t\t\t\t<h1 class=\"elementor-heading-title elementor-size-default\">Chanteloup<\/h1>\t\t\t\t<\/div>\n\t\t\t\t<\/div>\n\t\t\t\t<\/div>\n\t\t<div class=\"elementor-element elementor-element-531b306 e-con-full e-transform e-transform e-flex e-con e-parent\" data-id=\"531b306\" data-element_type=\"container\" data-e-type=\"container\" data-settings=\"{&quot;_transform_flipX_effect&quot;:&quot;transform&quot;,&quot;background_background&quot;:&quot;classic&quot;,&quot;_transform_rotateZ_effect&quot;:{&quot;unit&quot;:&quot;px&quot;,&quot;size&quot;:&quot;&quot;,&quot;sizes&quot;:[]},&quot;_transform_rotateZ_effect_tablet&quot;:{&quot;unit&quot;:&quot;deg&quot;,&quot;size&quot;:&quot;&quot;,&quot;sizes&quot;:[]},&quot;_transform_rotateZ_effect_mobile&quot;:{&quot;unit&quot;:&quot;deg&quot;,&quot;size&quot;:&quot;&quot;,&quot;sizes&quot;:[]}}\">\n\t\t<div class=\"elementor-element elementor-element-c8d5af3 e-con-full e-flex e-con e-child\" data-id=\"c8d5af3\" data-element_type=\"container\" data-e-type=\"container\" data-settings=\"{&quot;background_background&quot;:&quot;classic&quot;}\">\n\t\t\t\t<div class=\"elementor-element elementor-element-60795d4 e-transform elementor-widget elementor-widget-heading\" data-id=\"60795d4\" data-element_type=\"widget\" data-e-type=\"widget\" data-settings=\"{&quot;_transform_flipX_effect&quot;:&quot;transform&quot;}\" data-widget_type=\"heading.default\">\n\t\t\t\t<div class=\"elementor-widget-container\">\n\t\t\t\t\t<h2 class=\"elementor-heading-title elementor-size-default\">Ma\u00eetrise d'ouvrage<\/h2>\t\t\t\t<\/div>\n\t\t\t\t<\/div>\n\t\t\t\t<div class=\"elementor-element elementor-element-b1fdc5f e-transform elementor-widget elementor-widget-heading\" data-id=\"b1fdc5f\" data-element_type=\"widget\" data-e-type=\"widget\" data-settings=\"{&quot;_transform_flipX_effect&quot;:&quot;transform&quot;}\" data-widget_type=\"heading.default\">\n\t\t\t\t<div class=\"elementor-widget-container\">\n\t\t\t\t\t<h6 class=\"elementor-heading-title elementor-size-default\">Communaut\u00e9 d\u2019Agglom\u00e9ration des 2 Rives de Seine<\/h6>\t\t\t\t<\/div>\n\t\t\t\t<\/div>\n\t\t\t\t<div class=\"elementor-element elementor-element-18b6f58 e-transform elementor-widget elementor-widget-heading\" data-id=\"18b6f58\" data-element_type=\"widget\" data-e-type=\"widget\" data-settings=\"{&quot;_transform_flipX_effect&quot;:&quot;transform&quot;}\" data-widget_type=\"heading.default\">\n\t\t\t\t<div class=\"elementor-widget-container\">\n\t\t\t\t\t<h2 class=\"elementor-heading-title elementor-size-default\">Ma\u00eetrise d'oeuvre<\/h2>\t\t\t\t<\/div>\n\t\t\t\t<\/div>\n\t\t\t\t<div class=\"elementor-element elementor-element-24f34ff e-transform elementor-widget elementor-widget-heading\" data-id=\"24f34ff\" data-element_type=\"widget\" data-e-type=\"widget\" data-settings=\"{&quot;_transform_flipX_effect&quot;:&quot;transform&quot;}\" data-widget_type=\"heading.default\">\n\t\t\t\t<div class=\"elementor-widget-container\">\n\t\t\t\t\t<h6 class=\"elementor-heading-title elementor-size-default\">Interne, en collaboration avec Sabine Lerouxel, Architecte DPLG<\/h6>\t\t\t\t<\/div>\n\t\t\t\t<\/div>\n\t\t\t\t<div class=\"elementor-element elementor-element-49dc3fe e-transform elementor-widget elementor-widget-heading\" data-id=\"49dc3fe\" data-element_type=\"widget\" data-e-type=\"widget\" data-settings=\"{&quot;_transform_flipX_effect&quot;:&quot;transform&quot;}\" data-widget_type=\"heading.default\">\n\t\t\t\t<div class=\"elementor-widget-container\">\n\t\t\t\t\t<h2 class=\"elementor-heading-title elementor-size-default\">Localisation<\/h2>\t\t\t\t<\/div>\n\t\t\t\t<\/div>\n\t\t\t\t<div class=\"elementor-element elementor-element-6861bc4 e-transform elementor-widget elementor-widget-heading\" data-id=\"6861bc4\" data-element_type=\"widget\" data-e-type=\"widget\" data-settings=\"{&quot;_transform_flipX_effect&quot;:&quot;transform&quot;}\" data-widget_type=\"heading.default\">\n\t\t\t\t<div class=\"elementor-widget-container\">\n\t\t\t\t\t<h6 class=\"elementor-heading-title elementor-size-default\">Chanteloup-les-Vignes\u2028<\/h6>\t\t\t\t<\/div>\n\t\t\t\t<\/div>\n\t\t\t\t<div class=\"elementor-element elementor-element-f8a49d3 e-transform elementor-widget elementor-widget-heading\" data-id=\"f8a49d3\" data-element_type=\"widget\" data-e-type=\"widget\" data-settings=\"{&quot;_transform_flipX_effect&quot;:&quot;transform&quot;}\" data-widget_type=\"heading.default\">\n\t\t\t\t<div class=\"elementor-widget-container\">\n\t\t\t\t\t<h2 class=\"elementor-heading-title elementor-size-default\">Programme<\/h2>\t\t\t\t<\/div>\n\t\t\t\t<\/div>\n\t\t\t\t<div class=\"elementor-element elementor-element-24c295d e-transform elementor-widget elementor-widget-heading\" data-id=\"24c295d\" data-element_type=\"widget\" data-e-type=\"widget\" data-settings=\"{&quot;_transform_flipX_effect&quot;:&quot;transform&quot;}\" data-widget_type=\"heading.default\">\n\t\t\t\t<div class=\"elementor-widget-container\">\n\t\t\t\t\t<h6 class=\"elementor-heading-title elementor-size-default\">Restructuration d\u2019un ancien centre commercial pour cr\u00e9er un centre technique communautaire<\/h6>\t\t\t\t<\/div>\n\t\t\t\t<\/div>\n\t\t\t\t<div class=\"elementor-element elementor-element-4cd6bf3 e-transform elementor-widget elementor-widget-heading\" data-id=\"4cd6bf3\" data-element_type=\"widget\" data-e-type=\"widget\" data-settings=\"{&quot;_transform_flipX_effect&quot;:&quot;transform&quot;}\" data-widget_type=\"heading.default\">\n\t\t\t\t<div class=\"elementor-widget-container\">\n\t\t\t\t\t<h2 class=\"elementor-heading-title elementor-size-default\">Calendrier<\/h2>\t\t\t\t<\/div>\n\t\t\t\t<\/div>\n\t\t\t\t<div class=\"elementor-element elementor-element-bcc32ac e-transform elementor-widget elementor-widget-heading\" data-id=\"bcc32ac\" data-element_type=\"widget\" data-e-type=\"widget\" data-settings=\"{&quot;_transform_flipX_effect&quot;:&quot;transform&quot;}\" data-widget_type=\"heading.default\">\n\t\t\t\t<div class=\"elementor-widget-container\">\n\t\t\t\t\t<h6 class=\"elementor-heading-title elementor-size-default\">R\u00e9ception du chantier<br>Septembre 2015<\/h6>\t\t\t\t<\/div>\n\t\t\t\t<\/div>\n\t\t\t\t<div class=\"elementor-element elementor-element-0e9cd21 e-transform elementor-widget elementor-widget-heading\" data-id=\"0e9cd21\" data-element_type=\"widget\" data-e-type=\"widget\" data-settings=\"{&quot;_transform_flipX_effect&quot;:&quot;transform&quot;}\" data-widget_type=\"heading.default\">\n\t\t\t\t<div class=\"elementor-widget-container\">\n\t\t\t\t\t<h2 class=\"elementor-heading-title elementor-size-default\">COUT ht des travaux<\/h2>\t\t\t\t<\/div>\n\t\t\t\t<\/div>\n\t\t\t\t<div class=\"elementor-element elementor-element-e89005e e-transform elementor-widget elementor-widget-heading\" data-id=\"e89005e\" data-element_type=\"widget\" data-e-type=\"widget\" data-settings=\"{&quot;_transform_flipX_effect&quot;:&quot;transform&quot;}\" data-widget_type=\"heading.default\">\n\t\t\t\t<div class=\"elementor-widget-container\">\n\t\t\t\t\t<h6 class=\"elementor-heading-title elementor-size-default\">1,2 M d'\u20ac<\/h6>\t\t\t\t<\/div>\n\t\t\t\t<\/div>\n\t\t\t\t<\/div>\n\t\t<div class=\"elementor-element elementor-element-a772907 e-con-full e-flex e-con e-child\" data-id=\"a772907\" data-element_type=\"container\" data-e-type=\"container\" data-settings=\"{&quot;background_background&quot;:&quot;classic&quot;}\">\n\t\t\t\t<div class=\"elementor-element elementor-element-ce56eca e-transform elementor-widget elementor-widget-heading\" data-id=\"ce56eca\" data-element_type=\"widget\" data-e-type=\"widget\" data-settings=\"{&quot;_transform_flipX_effect&quot;:&quot;transform&quot;}\" data-widget_type=\"heading.default\">\n\t\t\t\t<div class=\"elementor-widget-container\">\n\t\t\t\t\t<h2 class=\"elementor-heading-title elementor-size-default\">Description<\/h2>\t\t\t\t<\/div>\n\t\t\t\t<\/div>\n\t\t\t\t<div class=\"elementor-element elementor-element-9cb58b4 e-transform elementor-widget elementor-widget-heading\" data-id=\"9cb58b4\" data-element_type=\"widget\" data-e-type=\"widget\" data-settings=\"{&quot;_transform_flipX_effect&quot;:&quot;transform&quot;}\" data-widget_type=\"heading.default\">\n\t\t\t\t<div class=\"elementor-widget-container\">\n\t\t\t\t\t<h6 class=\"elementor-heading-title elementor-size-default\">Le site de l\u2019ancien centre commercial Chantimmo, acquis par la Communaut\u00e9 d\u2019Agglom\u00e9ration des 2 Rives de Seine, comprenait un grand b\u00e2timent industriel vide ainsi que le auvent de l\u2019ancienne station-service, avait pour objectif d\u2019y implanter un centre technique communautaire pour les services voirie (stockage mat\u00e9riaux et v\u00e9hicules ainsi qu\u2019un lieu de vie pour les agents).<br><br>Le b\u00e2timent existant a \u00e9t\u00e9 conserv\u00e9 pour le stockage, trop v\u00e9tuste pour accueillir des espaces de travail, nettoy\u00e9, \u00e9quip\u00e9 de nouvelles portes facilitant l\u2019acc\u00e8s aux engins de tous gabarits.<br><br>Le lieu de vie des agents a \u00e9t\u00e9 install\u00e9 \u00e0 proximit\u00e9, sous le auvent existant, \u00e0 l\u2019aide de modules con\u00e7us \u00e0 partir de conteneurs maritimes pour les vestiaires, le r\u00e9fectoire et les bureaux, pos\u00e9s sur site et raccord\u00e9es aux r\u00e9seaux, puis reli\u00e9es par une terrasse en bois. Pour att\u00e9nuer leur aspect industriel et offrir un cadre plus chaleureux, elles ont \u00e9t\u00e9 peintes par des artistes bretons, transformant l\u2019ensemble en un lieu \u00e0 la fois fonctionnel, modulable et agr\u00e9able \u00e0 vivre.<br><br>Entreprises :<br><br>Entreprise g\u00e9n\u00e9rale : ETPO \/ Conteneurs et transport : Transport Hauti\u00e8re \/ Menuiseries &amp; charpente : Chartier Fr\u00e8res \/ M\u00e9tallerie : Ets Chevalier \/ Electricit\u00e9 &amp; Plomberie : SARL Gresl\u00e9 \/ Mobilier bois : Atelier Menuiserie Lancelot \/ Bardage zinc : Soci\u00e9t\u00e9 Rouxin \/ Artistes : Christof Merose, Pierre Bourgeois &amp; Marc Simon.<\/h6>\t\t\t\t<\/div>\n\t\t\t\t<\/div>\n\t\t\t\t<\/div>\n\t\t\t\t<\/div>\n\t\t<div class=\"elementor-element elementor-element-c855223 e-con-full e-flex e-con e-parent\" data-id=\"c855223\" data-element_type=\"container\" data-e-type=\"container\">\n\t\t\t\t<div class=\"elementor-element elementor-element-a68b58c elementor-widget elementor-widget-heading\" data-id=\"a68b58c\" data-element_type=\"widget\" data-e-type=\"widget\" data-widget_type=\"heading.default\">\n\t\t\t\t<div class=\"elementor-widget-container\">\n\t\t\t\t\t<h2 class=\"elementor-heading-title elementor-size-default\">Plans et dessins<\/h2>\t\t\t\t<\/div>\n\t\t\t\t<\/div>\n\t\t\t\t<div class=\"elementor-element elementor-element-075faf5 pg-masonry--yes elementor-widget elementor-widget-pg-mosaic\" data-id=\"075faf5\" data-element_type=\"widget\" data-e-type=\"widget\" data-widget_type=\"pg-mosaic.default\">\n\t\t\t\t<div class=\"elementor-widget-container\">\n\t\t\t\t\t\t\t<div class=\"pg-mosaic-grid pg-grid\">\n\t\t\t\n\t\t<div class=\"pg-mosaic-item pg-item elementor-repeater-item-9896f8a\">\n\t\t\t\t\t\t\t\t<div class=\"pg-mosaic-image-wrap bdt-pg-img-mask\">\n\t\t\t<img loading=\"lazy\" decoding=\"async\" width=\"1024\" height=\"263\" src=\"https:\/\/i0.wp.com\/lepetitatelier-architectes.fr\/wp-content\/uploads\/2026\/01\/facade-est.jpg?fit=1024%2C263&amp;ssl=1\" class=\"pg-mosaic-img\" alt=\"Fa\u00e7ade Est\" srcset=\"https:\/\/i0.wp.com\/lepetitatelier-architectes.fr\/wp-content\/uploads\/2026\/01\/facade-est.jpg?w=2480&amp;ssl=1 2480w, https:\/\/i0.wp.com\/lepetitatelier-architectes.fr\/wp-content\/uploads\/2026\/01\/facade-est.jpg?resize=300%2C77&amp;ssl=1 300w, https:\/\/i0.wp.com\/lepetitatelier-architectes.fr\/wp-content\/uploads\/2026\/01\/facade-est.jpg?resize=1024%2C263&amp;ssl=1 1024w, https:\/\/i0.wp.com\/lepetitatelier-architectes.fr\/wp-content\/uploads\/2026\/01\/facade-est.jpg?resize=768%2C198&amp;ssl=1 768w, https:\/\/i0.wp.com\/lepetitatelier-architectes.fr\/wp-content\/uploads\/2026\/01\/facade-est.jpg?resize=1536%2C395&amp;ssl=1 1536w, https:\/\/i0.wp.com\/lepetitatelier-architectes.fr\/wp-content\/uploads\/2026\/01\/facade-est.jpg?resize=2048%2C527&amp;ssl=1 2048w, https:\/\/i0.wp.com\/lepetitatelier-architectes.fr\/wp-content\/uploads\/2026\/01\/facade-est.jpg?w=2400&amp;ssl=1 2400w\" sizes=\"auto, (max-width: 1024px) 100vw, 1024px\" data-attachment-id=\"4814\" data-permalink=\"https:\/\/lepetitatelier-architectes.fr\/index.php\/chanteloup\/facade-est-2\/\" data-orig-file=\"https:\/\/i0.wp.com\/lepetitatelier-architectes.fr\/wp-content\/uploads\/2026\/01\/facade-est.jpg?fit=2480%2C638&amp;ssl=1\" data-orig-size=\"2480,638\" data-comments-opened=\"1\" data-image-meta=\"{&quot;aperture&quot;:&quot;0&quot;,&quot;credit&quot;:&quot;&quot;,&quot;camera&quot;:&quot;&quot;,&quot;caption&quot;:&quot;&quot;,&quot;created_timestamp&quot;:&quot;0&quot;,&quot;copyright&quot;:&quot;&quot;,&quot;focal_length&quot;:&quot;0&quot;,&quot;iso&quot;:&quot;0&quot;,&quot;shutter_speed&quot;:&quot;0&quot;,&quot;title&quot;:&quot;&quot;,&quot;orientation&quot;:&quot;1&quot;}\" data-image-title=\"fa\u00e7ade est\" data-image-description=\"\" data-image-caption=\"\" data-medium-file=\"https:\/\/i0.wp.com\/lepetitatelier-architectes.fr\/wp-content\/uploads\/2026\/01\/facade-est.jpg?fit=300%2C77&amp;ssl=1\" data-large-file=\"https:\/\/i0.wp.com\/lepetitatelier-architectes.fr\/wp-content\/uploads\/2026\/01\/facade-est.jpg?fit=1024%2C263&amp;ssl=1\" \/>\t\t\t\t\t<\/div>\n\t\t\t\t\t\t\t<div class=\"pg-mosaic-content\">\n\t\t\t\t\t\t\t\t\t\t\t<div class=\"pg-mosaic-date\">\n\t\t\t\t<span>Fa\u00e7ade Est<\/span>\n\t\t\t<\/div>\n\t\t\t\t\t\t\t\t\t\t\t\t\t\t\t\t\t\t<\/div>\n\t\t\t\t\t\t\t\t\t\t\t\t<\/div>\n\n\t\t\n\t\t<div class=\"pg-mosaic-item pg-item elementor-repeater-item-727409d\">\n\t\t\t\t\t\t\t\t<div class=\"pg-mosaic-image-wrap bdt-pg-img-mask\">\n\t\t\t<img loading=\"lazy\" decoding=\"async\" width=\"1024\" height=\"283\" src=\"https:\/\/i0.wp.com\/lepetitatelier-architectes.fr\/wp-content\/uploads\/2026\/01\/facade-ouest.jpg?fit=1024%2C283&amp;ssl=1\" class=\"pg-mosaic-img\" alt=\"Fa\u00e7ade Ouest\" srcset=\"https:\/\/i0.wp.com\/lepetitatelier-architectes.fr\/wp-content\/uploads\/2026\/01\/facade-ouest.jpg?w=2480&amp;ssl=1 2480w, https:\/\/i0.wp.com\/lepetitatelier-architectes.fr\/wp-content\/uploads\/2026\/01\/facade-ouest.jpg?resize=300%2C83&amp;ssl=1 300w, https:\/\/i0.wp.com\/lepetitatelier-architectes.fr\/wp-content\/uploads\/2026\/01\/facade-ouest.jpg?resize=1024%2C283&amp;ssl=1 1024w, https:\/\/i0.wp.com\/lepetitatelier-architectes.fr\/wp-content\/uploads\/2026\/01\/facade-ouest.jpg?resize=768%2C212&amp;ssl=1 768w, https:\/\/i0.wp.com\/lepetitatelier-architectes.fr\/wp-content\/uploads\/2026\/01\/facade-ouest.jpg?resize=1536%2C424&amp;ssl=1 1536w, https:\/\/i0.wp.com\/lepetitatelier-architectes.fr\/wp-content\/uploads\/2026\/01\/facade-ouest.jpg?resize=2048%2C566&amp;ssl=1 2048w, https:\/\/i0.wp.com\/lepetitatelier-architectes.fr\/wp-content\/uploads\/2026\/01\/facade-ouest.jpg?w=2400&amp;ssl=1 2400w\" sizes=\"auto, (max-width: 1024px) 100vw, 1024px\" data-attachment-id=\"4815\" data-permalink=\"https:\/\/lepetitatelier-architectes.fr\/index.php\/chanteloup\/facade-ouest-2\/\" data-orig-file=\"https:\/\/i0.wp.com\/lepetitatelier-architectes.fr\/wp-content\/uploads\/2026\/01\/facade-ouest.jpg?fit=2480%2C685&amp;ssl=1\" data-orig-size=\"2480,685\" data-comments-opened=\"1\" data-image-meta=\"{&quot;aperture&quot;:&quot;0&quot;,&quot;credit&quot;:&quot;&quot;,&quot;camera&quot;:&quot;&quot;,&quot;caption&quot;:&quot;&quot;,&quot;created_timestamp&quot;:&quot;0&quot;,&quot;copyright&quot;:&quot;&quot;,&quot;focal_length&quot;:&quot;0&quot;,&quot;iso&quot;:&quot;0&quot;,&quot;shutter_speed&quot;:&quot;0&quot;,&quot;title&quot;:&quot;&quot;,&quot;orientation&quot;:&quot;1&quot;}\" data-image-title=\"fa\u00e7ade ouest\" data-image-description=\"\" data-image-caption=\"\" data-medium-file=\"https:\/\/i0.wp.com\/lepetitatelier-architectes.fr\/wp-content\/uploads\/2026\/01\/facade-ouest.jpg?fit=300%2C83&amp;ssl=1\" data-large-file=\"https:\/\/i0.wp.com\/lepetitatelier-architectes.fr\/wp-content\/uploads\/2026\/01\/facade-ouest.jpg?fit=1024%2C283&amp;ssl=1\" \/>\t\t\t\t\t<\/div>\n\t\t\t\t\t\t\t<div class=\"pg-mosaic-content\">\n\t\t\t\t\t\t\t\t\t\t\t<div class=\"pg-mosaic-date\">\n\t\t\t\t<span>Fa\u00e7ade Ouest<\/span>\n\t\t\t<\/div>\n\t\t\t\t\t\t\t\t\t\t\t\t\t\t\t\t\t\t<\/div>\n\t\t\t\t\t\t\t\t\t\t\t\t<\/div>\n\n\t\t\n\t\t<div class=\"pg-mosaic-item pg-item elementor-repeater-item-585ca56\">\n\t\t\t\t\t\t\t\t<div class=\"pg-mosaic-image-wrap bdt-pg-img-mask\">\n\t\t\t<img loading=\"lazy\" decoding=\"async\" width=\"1024\" height=\"224\" src=\"https:\/\/i0.wp.com\/lepetitatelier-architectes.fr\/wp-content\/uploads\/2026\/01\/Facade-sud.jpg?fit=1024%2C224&amp;ssl=1\" class=\"pg-mosaic-img\" alt=\"Fa\u00e7ade Sud\" srcset=\"https:\/\/i0.wp.com\/lepetitatelier-architectes.fr\/wp-content\/uploads\/2026\/01\/Facade-sud.jpg?w=2480&amp;ssl=1 2480w, https:\/\/i0.wp.com\/lepetitatelier-architectes.fr\/wp-content\/uploads\/2026\/01\/Facade-sud.jpg?resize=300%2C66&amp;ssl=1 300w, https:\/\/i0.wp.com\/lepetitatelier-architectes.fr\/wp-content\/uploads\/2026\/01\/Facade-sud.jpg?resize=1024%2C224&amp;ssl=1 1024w, https:\/\/i0.wp.com\/lepetitatelier-architectes.fr\/wp-content\/uploads\/2026\/01\/Facade-sud.jpg?resize=768%2C168&amp;ssl=1 768w, https:\/\/i0.wp.com\/lepetitatelier-architectes.fr\/wp-content\/uploads\/2026\/01\/Facade-sud.jpg?resize=1536%2C336&amp;ssl=1 1536w, https:\/\/i0.wp.com\/lepetitatelier-architectes.fr\/wp-content\/uploads\/2026\/01\/Facade-sud.jpg?resize=2048%2C448&amp;ssl=1 2048w, https:\/\/i0.wp.com\/lepetitatelier-architectes.fr\/wp-content\/uploads\/2026\/01\/Facade-sud.jpg?w=2400&amp;ssl=1 2400w\" sizes=\"auto, (max-width: 1024px) 100vw, 1024px\" data-attachment-id=\"4816\" data-permalink=\"https:\/\/lepetitatelier-architectes.fr\/index.php\/chanteloup\/facade-sud-3\/\" data-orig-file=\"https:\/\/i0.wp.com\/lepetitatelier-architectes.fr\/wp-content\/uploads\/2026\/01\/Facade-sud.jpg?fit=2480%2C543&amp;ssl=1\" data-orig-size=\"2480,543\" data-comments-opened=\"1\" data-image-meta=\"{&quot;aperture&quot;:&quot;0&quot;,&quot;credit&quot;:&quot;&quot;,&quot;camera&quot;:&quot;&quot;,&quot;caption&quot;:&quot;&quot;,&quot;created_timestamp&quot;:&quot;0&quot;,&quot;copyright&quot;:&quot;&quot;,&quot;focal_length&quot;:&quot;0&quot;,&quot;iso&quot;:&quot;0&quot;,&quot;shutter_speed&quot;:&quot;0&quot;,&quot;title&quot;:&quot;&quot;,&quot;orientation&quot;:&quot;1&quot;}\" data-image-title=\"Fa\u00e7ade sud\" data-image-description=\"\" data-image-caption=\"\" data-medium-file=\"https:\/\/i0.wp.com\/lepetitatelier-architectes.fr\/wp-content\/uploads\/2026\/01\/Facade-sud.jpg?fit=300%2C66&amp;ssl=1\" data-large-file=\"https:\/\/i0.wp.com\/lepetitatelier-architectes.fr\/wp-content\/uploads\/2026\/01\/Facade-sud.jpg?fit=1024%2C224&amp;ssl=1\" \/>\t\t\t\t\t<\/div>\n\t\t\t\t\t\t\t<div class=\"pg-mosaic-content\">\n\t\t\t\t\t\t\t\t\t\t\t<div class=\"pg-mosaic-date\">\n\t\t\t\t<span>Fa\u00e7ade Sud<\/span>\n\t\t\t<\/div>\n\t\t\t\t\t\t\t\t\t\t\t\t\t\t\t\t\t\t<\/div>\n\t\t\t\t\t\t\t\t\t\t\t\t<\/div>\n\n\t\t\n\t\t<div class=\"pg-mosaic-item pg-item elementor-repeater-item-f3a9566\">\n\t\t\t\t\t\t\t\t<div class=\"pg-mosaic-image-wrap bdt-pg-img-mask\">\n\t\t\t<img loading=\"lazy\" decoding=\"async\" width=\"1024\" height=\"351\" src=\"https:\/\/i0.wp.com\/lepetitatelier-architectes.fr\/wp-content\/uploads\/2026\/01\/photomontages.jpg?fit=1024%2C351&amp;ssl=1\" class=\"pg-mosaic-img\" alt=\"Plan R+1 projet\" srcset=\"https:\/\/i0.wp.com\/lepetitatelier-architectes.fr\/wp-content\/uploads\/2026\/01\/photomontages.jpg?w=2480&amp;ssl=1 2480w, https:\/\/i0.wp.com\/lepetitatelier-architectes.fr\/wp-content\/uploads\/2026\/01\/photomontages.jpg?resize=300%2C103&amp;ssl=1 300w, https:\/\/i0.wp.com\/lepetitatelier-architectes.fr\/wp-content\/uploads\/2026\/01\/photomontages.jpg?resize=1024%2C351&amp;ssl=1 1024w, https:\/\/i0.wp.com\/lepetitatelier-architectes.fr\/wp-content\/uploads\/2026\/01\/photomontages.jpg?resize=768%2C263&amp;ssl=1 768w, https:\/\/i0.wp.com\/lepetitatelier-architectes.fr\/wp-content\/uploads\/2026\/01\/photomontages.jpg?resize=1536%2C526&amp;ssl=1 1536w, https:\/\/i0.wp.com\/lepetitatelier-architectes.fr\/wp-content\/uploads\/2026\/01\/photomontages.jpg?resize=2048%2C702&amp;ssl=1 2048w, https:\/\/i0.wp.com\/lepetitatelier-architectes.fr\/wp-content\/uploads\/2026\/01\/photomontages.jpg?w=2400&amp;ssl=1 2400w\" sizes=\"auto, (max-width: 1024px) 100vw, 1024px\" data-attachment-id=\"4817\" data-permalink=\"https:\/\/lepetitatelier-architectes.fr\/index.php\/chanteloup\/photomontages-2\/\" data-orig-file=\"https:\/\/i0.wp.com\/lepetitatelier-architectes.fr\/wp-content\/uploads\/2026\/01\/photomontages.jpg?fit=2480%2C850&amp;ssl=1\" data-orig-size=\"2480,850\" data-comments-opened=\"1\" data-image-meta=\"{&quot;aperture&quot;:&quot;0&quot;,&quot;credit&quot;:&quot;&quot;,&quot;camera&quot;:&quot;&quot;,&quot;caption&quot;:&quot;&quot;,&quot;created_timestamp&quot;:&quot;0&quot;,&quot;copyright&quot;:&quot;&quot;,&quot;focal_length&quot;:&quot;0&quot;,&quot;iso&quot;:&quot;0&quot;,&quot;shutter_speed&quot;:&quot;0&quot;,&quot;title&quot;:&quot;&quot;,&quot;orientation&quot;:&quot;1&quot;}\" data-image-title=\"photomontages\" data-image-description=\"\" data-image-caption=\"\" data-medium-file=\"https:\/\/i0.wp.com\/lepetitatelier-architectes.fr\/wp-content\/uploads\/2026\/01\/photomontages.jpg?fit=300%2C103&amp;ssl=1\" data-large-file=\"https:\/\/i0.wp.com\/lepetitatelier-architectes.fr\/wp-content\/uploads\/2026\/01\/photomontages.jpg?fit=1024%2C351&amp;ssl=1\" \/>\t\t\t\t\t<\/div>\n\t\t\t\t\t\t\t<div class=\"pg-mosaic-content\">\n\t\t\t\t\t\t\t\t\t\t\t\t\t\t\t\t\t\t\t\t\t\t\t\t\t<\/div>\n\t\t\t\t\t\t\t\t\t\t\t\t<\/div>\n\n\t\t\n\t\t<div class=\"pg-mosaic-item pg-item elementor-repeater-item-f64190c\">\n\t\t\t\t\t\t\t\t<div class=\"pg-mosaic-image-wrap bdt-pg-img-mask\">\n\t\t\t<img loading=\"lazy\" decoding=\"async\" width=\"1024\" height=\"556\" src=\"https:\/\/i0.wp.com\/lepetitatelier-architectes.fr\/wp-content\/uploads\/2026\/01\/detail.jpg?fit=1024%2C556&amp;ssl=1\" class=\"pg-mosaic-img\" alt=\"d\u00e9tail\" srcset=\"https:\/\/i0.wp.com\/lepetitatelier-architectes.fr\/wp-content\/uploads\/2026\/01\/detail.jpg?w=2480&amp;ssl=1 2480w, https:\/\/i0.wp.com\/lepetitatelier-architectes.fr\/wp-content\/uploads\/2026\/01\/detail.jpg?resize=300%2C163&amp;ssl=1 300w, https:\/\/i0.wp.com\/lepetitatelier-architectes.fr\/wp-content\/uploads\/2026\/01\/detail.jpg?resize=1024%2C556&amp;ssl=1 1024w, https:\/\/i0.wp.com\/lepetitatelier-architectes.fr\/wp-content\/uploads\/2026\/01\/detail.jpg?resize=768%2C417&amp;ssl=1 768w, https:\/\/i0.wp.com\/lepetitatelier-architectes.fr\/wp-content\/uploads\/2026\/01\/detail.jpg?resize=1536%2C834&amp;ssl=1 1536w, https:\/\/i0.wp.com\/lepetitatelier-architectes.fr\/wp-content\/uploads\/2026\/01\/detail.jpg?resize=2048%2C1112&amp;ssl=1 2048w, https:\/\/i0.wp.com\/lepetitatelier-architectes.fr\/wp-content\/uploads\/2026\/01\/detail.jpg?w=2400&amp;ssl=1 2400w\" sizes=\"auto, (max-width: 1024px) 100vw, 1024px\" data-attachment-id=\"4813\" data-permalink=\"https:\/\/lepetitatelier-architectes.fr\/index.php\/chanteloup\/detail-2\/\" data-orig-file=\"https:\/\/i0.wp.com\/lepetitatelier-architectes.fr\/wp-content\/uploads\/2026\/01\/detail.jpg?fit=2480%2C1346&amp;ssl=1\" data-orig-size=\"2480,1346\" data-comments-opened=\"1\" data-image-meta=\"{&quot;aperture&quot;:&quot;0&quot;,&quot;credit&quot;:&quot;&quot;,&quot;camera&quot;:&quot;&quot;,&quot;caption&quot;:&quot;&quot;,&quot;created_timestamp&quot;:&quot;0&quot;,&quot;copyright&quot;:&quot;&quot;,&quot;focal_length&quot;:&quot;0&quot;,&quot;iso&quot;:&quot;0&quot;,&quot;shutter_speed&quot;:&quot;0&quot;,&quot;title&quot;:&quot;&quot;,&quot;orientation&quot;:&quot;1&quot;}\" data-image-title=\"detail\" data-image-description=\"\" data-image-caption=\"\" data-medium-file=\"https:\/\/i0.wp.com\/lepetitatelier-architectes.fr\/wp-content\/uploads\/2026\/01\/detail.jpg?fit=300%2C163&amp;ssl=1\" data-large-file=\"https:\/\/i0.wp.com\/lepetitatelier-architectes.fr\/wp-content\/uploads\/2026\/01\/detail.jpg?fit=1024%2C556&amp;ssl=1\" \/>\t\t\t\t\t<\/div>\n\t\t\t\t\t\t\t<div class=\"pg-mosaic-content\">\n\t\t\t\t\t\t\t\t\t\t\t<div class=\"pg-mosaic-date\">\n\t\t\t\t<span>D\u00e9tail<\/span>\n\t\t\t<\/div>\n\t\t\t\t\t\t\t\t\t\t\t\t\t\t\t\t\t\t<\/div>\n\t\t\t\t\t\t\t\t\t\t\t\t<\/div>\n\n\t\t\t\t<\/div>\n\t\t\t\t<\/div>\n\t\t\t\t<\/div>\n\t\t\t\t<\/div>\n\t\t<div class=\"elementor-element elementor-element-cd858db e-con-full e-flex e-con e-parent\" data-id=\"cd858db\" data-element_type=\"container\" data-e-type=\"container\">\n\t\t\t\t<div class=\"elementor-element elementor-element-0df64e3 elementor-widget elementor-widget-heading\" data-id=\"0df64e3\" data-element_type=\"widget\" data-e-type=\"widget\" data-widget_type=\"heading.default\">\n\t\t\t\t<div class=\"elementor-widget-container\">\n\t\t\t\t\t<h2 class=\"elementor-heading-title elementor-size-default\">Photos du projet<\/h2>\t\t\t\t<\/div>\n\t\t\t\t<\/div>\n\t\t\t\t<div class=\"elementor-element elementor-element-f388f5a pg-masonry--yes elementor-widget elementor-widget-pg-mosaic\" data-id=\"f388f5a\" data-element_type=\"widget\" data-e-type=\"widget\" data-widget_type=\"pg-mosaic.default\">\n\t\t\t\t<div class=\"elementor-widget-container\">\n\t\t\t\t\t\t\t<div class=\"pg-mosaic-grid pg-grid\">\n\t\t\t\n\t\t<div class=\"pg-mosaic-item pg-item elementor-repeater-item-ea81b3a\">\n\t\t\t\t\t\t\t\t<div class=\"pg-mosaic-image-wrap bdt-pg-img-mask\">\n\t\t\t<img loading=\"lazy\" decoding=\"async\" width=\"1024\" height=\"519\" src=\"https:\/\/i0.wp.com\/lepetitatelier-architectes.fr\/wp-content\/uploads\/2026\/01\/Capture-decran-2020-05-18-a-14.45.49-scaled.jpg?fit=1024%2C519&amp;ssl=1\" class=\"pg-mosaic-img\" alt=\"Gallery Item one\" srcset=\"https:\/\/i0.wp.com\/lepetitatelier-architectes.fr\/wp-content\/uploads\/2026\/01\/Capture-decran-2020-05-18-a-14.45.49-scaled.jpg?w=2560&amp;ssl=1 2560w, https:\/\/i0.wp.com\/lepetitatelier-architectes.fr\/wp-content\/uploads\/2026\/01\/Capture-decran-2020-05-18-a-14.45.49-scaled.jpg?resize=300%2C152&amp;ssl=1 300w, https:\/\/i0.wp.com\/lepetitatelier-architectes.fr\/wp-content\/uploads\/2026\/01\/Capture-decran-2020-05-18-a-14.45.49-scaled.jpg?resize=1024%2C519&amp;ssl=1 1024w, https:\/\/i0.wp.com\/lepetitatelier-architectes.fr\/wp-content\/uploads\/2026\/01\/Capture-decran-2020-05-18-a-14.45.49-scaled.jpg?resize=768%2C390&amp;ssl=1 768w, https:\/\/i0.wp.com\/lepetitatelier-architectes.fr\/wp-content\/uploads\/2026\/01\/Capture-decran-2020-05-18-a-14.45.49-scaled.jpg?resize=1536%2C779&amp;ssl=1 1536w, https:\/\/i0.wp.com\/lepetitatelier-architectes.fr\/wp-content\/uploads\/2026\/01\/Capture-decran-2020-05-18-a-14.45.49-scaled.jpg?resize=2048%2C1039&amp;ssl=1 2048w, https:\/\/i0.wp.com\/lepetitatelier-architectes.fr\/wp-content\/uploads\/2026\/01\/Capture-decran-2020-05-18-a-14.45.49-scaled.jpg?w=2400&amp;ssl=1 2400w\" sizes=\"auto, (max-width: 1024px) 100vw, 1024px\" data-attachment-id=\"4822\" data-permalink=\"https:\/\/lepetitatelier-architectes.fr\/index.php\/chanteloup\/capture-decran-2020-05-18-a-14-45-49-2\/\" data-orig-file=\"https:\/\/i0.wp.com\/lepetitatelier-architectes.fr\/wp-content\/uploads\/2026\/01\/Capture-decran-2020-05-18-a-14.45.49-scaled.jpg?fit=2560%2C1299&amp;ssl=1\" data-orig-size=\"2560,1299\" data-comments-opened=\"1\" data-image-meta=\"{&quot;aperture&quot;:&quot;0&quot;,&quot;credit&quot;:&quot;&quot;,&quot;camera&quot;:&quot;&quot;,&quot;caption&quot;:&quot;&quot;,&quot;created_timestamp&quot;:&quot;1589813156&quot;,&quot;copyright&quot;:&quot;&quot;,&quot;focal_length&quot;:&quot;0&quot;,&quot;iso&quot;:&quot;0&quot;,&quot;shutter_speed&quot;:&quot;0&quot;,&quot;title&quot;:&quot;&quot;,&quot;orientation&quot;:&quot;0&quot;}\" data-image-title=\"Capture d\u2019\u00e9cran 2020-05-18 \u00e0 14.45.49\" data-image-description=\"\" data-image-caption=\"\" data-medium-file=\"https:\/\/i0.wp.com\/lepetitatelier-architectes.fr\/wp-content\/uploads\/2026\/01\/Capture-decran-2020-05-18-a-14.45.49-scaled.jpg?fit=300%2C152&amp;ssl=1\" data-large-file=\"https:\/\/i0.wp.com\/lepetitatelier-architectes.fr\/wp-content\/uploads\/2026\/01\/Capture-decran-2020-05-18-a-14.45.49-scaled.jpg?fit=1024%2C519&amp;ssl=1\" \/>\t\t\t\t\t<\/div>\n\t\t\t\t\t\t\t<div class=\"pg-mosaic-content\">\n\t\t\t\t\t\t\t\t\t\t\t\t\t\t\t\t\t\t\t\t\t\t\t<\/div>\n\t\t\t\t\t\t\t\t\t\t\t\t<\/div>\n\n\t\t\n\t\t<div class=\"pg-mosaic-item pg-item elementor-repeater-item-b61f03a\">\n\t\t\t\t\t\t\t\t<div class=\"pg-mosaic-image-wrap bdt-pg-img-mask\">\n\t\t\t<img loading=\"lazy\" decoding=\"async\" width=\"1024\" height=\"585\" src=\"https:\/\/i0.wp.com\/lepetitatelier-architectes.fr\/wp-content\/uploads\/2026\/01\/Capture-decran-2020-05-18-a-14.44.14.jpg?fit=1024%2C585&amp;ssl=1\" class=\"pg-mosaic-img\" alt=\"Gallery Item three\" srcset=\"https:\/\/i0.wp.com\/lepetitatelier-architectes.fr\/wp-content\/uploads\/2026\/01\/Capture-decran-2020-05-18-a-14.44.14.jpg?w=2552&amp;ssl=1 2552w, https:\/\/i0.wp.com\/lepetitatelier-architectes.fr\/wp-content\/uploads\/2026\/01\/Capture-decran-2020-05-18-a-14.44.14.jpg?resize=300%2C171&amp;ssl=1 300w, https:\/\/i0.wp.com\/lepetitatelier-architectes.fr\/wp-content\/uploads\/2026\/01\/Capture-decran-2020-05-18-a-14.44.14.jpg?resize=1024%2C585&amp;ssl=1 1024w, https:\/\/i0.wp.com\/lepetitatelier-architectes.fr\/wp-content\/uploads\/2026\/01\/Capture-decran-2020-05-18-a-14.44.14.jpg?resize=768%2C438&amp;ssl=1 768w, https:\/\/i0.wp.com\/lepetitatelier-architectes.fr\/wp-content\/uploads\/2026\/01\/Capture-decran-2020-05-18-a-14.44.14.jpg?resize=1536%2C877&amp;ssl=1 1536w, https:\/\/i0.wp.com\/lepetitatelier-architectes.fr\/wp-content\/uploads\/2026\/01\/Capture-decran-2020-05-18-a-14.44.14.jpg?resize=2048%2C1169&amp;ssl=1 2048w, https:\/\/i0.wp.com\/lepetitatelier-architectes.fr\/wp-content\/uploads\/2026\/01\/Capture-decran-2020-05-18-a-14.44.14.jpg?w=2400&amp;ssl=1 2400w\" sizes=\"auto, (max-width: 1024px) 100vw, 1024px\" data-attachment-id=\"4819\" data-permalink=\"https:\/\/lepetitatelier-architectes.fr\/index.php\/chanteloup\/capture-decran-2020-05-18-a-14-44-14-2\/\" data-orig-file=\"https:\/\/i0.wp.com\/lepetitatelier-architectes.fr\/wp-content\/uploads\/2026\/01\/Capture-decran-2020-05-18-a-14.44.14.jpg?fit=2552%2C1457&amp;ssl=1\" data-orig-size=\"2552,1457\" data-comments-opened=\"1\" data-image-meta=\"{&quot;aperture&quot;:&quot;0&quot;,&quot;credit&quot;:&quot;&quot;,&quot;camera&quot;:&quot;&quot;,&quot;caption&quot;:&quot;&quot;,&quot;created_timestamp&quot;:&quot;1589813061&quot;,&quot;copyright&quot;:&quot;&quot;,&quot;focal_length&quot;:&quot;0&quot;,&quot;iso&quot;:&quot;0&quot;,&quot;shutter_speed&quot;:&quot;0&quot;,&quot;title&quot;:&quot;&quot;,&quot;orientation&quot;:&quot;0&quot;}\" data-image-title=\"Capture d\u2019\u00e9cran 2020-05-18 \u00e0 14.44.14\" data-image-description=\"\" data-image-caption=\"\" data-medium-file=\"https:\/\/i0.wp.com\/lepetitatelier-architectes.fr\/wp-content\/uploads\/2026\/01\/Capture-decran-2020-05-18-a-14.44.14.jpg?fit=300%2C171&amp;ssl=1\" data-large-file=\"https:\/\/i0.wp.com\/lepetitatelier-architectes.fr\/wp-content\/uploads\/2026\/01\/Capture-decran-2020-05-18-a-14.44.14.jpg?fit=1024%2C585&amp;ssl=1\" \/>\t\t\t\t\t<\/div>\n\t\t\t\t\t\t\t<div class=\"pg-mosaic-content\">\n\t\t\t\t\t\t\t\t\t\t\t\t\t\t\t\t\t\t\t\t\t\t\t<\/div>\n\t\t\t\t\t\t\t\t\t\t\t\t<\/div>\n\n\t\t\n\t\t<div class=\"pg-mosaic-item pg-item elementor-repeater-item-89a28b2\">\n\t\t\t\t\t\t\t\t<div class=\"pg-mosaic-image-wrap bdt-pg-img-mask\">\n\t\t\t<img loading=\"lazy\" decoding=\"async\" width=\"1024\" height=\"1024\" src=\"https:\/\/i0.wp.com\/lepetitatelier-architectes.fr\/wp-content\/uploads\/2026\/01\/photos-3.jpg?fit=1024%2C1024&amp;ssl=1\" class=\"pg-mosaic-img\" alt=\"Gallery Item two\" srcset=\"https:\/\/i0.wp.com\/lepetitatelier-architectes.fr\/wp-content\/uploads\/2026\/01\/photos-3.jpg?w=1160&amp;ssl=1 1160w, https:\/\/i0.wp.com\/lepetitatelier-architectes.fr\/wp-content\/uploads\/2026\/01\/photos-3.jpg?resize=300%2C300&amp;ssl=1 300w, https:\/\/i0.wp.com\/lepetitatelier-architectes.fr\/wp-content\/uploads\/2026\/01\/photos-3.jpg?resize=1024%2C1024&amp;ssl=1 1024w, https:\/\/i0.wp.com\/lepetitatelier-architectes.fr\/wp-content\/uploads\/2026\/01\/photos-3.jpg?resize=150%2C150&amp;ssl=1 150w, https:\/\/i0.wp.com\/lepetitatelier-architectes.fr\/wp-content\/uploads\/2026\/01\/photos-3.jpg?resize=768%2C768&amp;ssl=1 768w\" sizes=\"auto, (max-width: 1024px) 100vw, 1024px\" data-attachment-id=\"4825\" data-permalink=\"https:\/\/lepetitatelier-architectes.fr\/index.php\/chanteloup\/photos-3-2\/\" data-orig-file=\"https:\/\/i0.wp.com\/lepetitatelier-architectes.fr\/wp-content\/uploads\/2026\/01\/photos-3.jpg?fit=1160%2C1160&amp;ssl=1\" data-orig-size=\"1160,1160\" data-comments-opened=\"1\" data-image-meta=\"{&quot;aperture&quot;:&quot;0&quot;,&quot;credit&quot;:&quot;&quot;,&quot;camera&quot;:&quot;&quot;,&quot;caption&quot;:&quot;&quot;,&quot;created_timestamp&quot;:&quot;1513699033&quot;,&quot;copyright&quot;:&quot;&quot;,&quot;focal_length&quot;:&quot;0&quot;,&quot;iso&quot;:&quot;0&quot;,&quot;shutter_speed&quot;:&quot;0&quot;,&quot;title&quot;:&quot;&quot;,&quot;orientation&quot;:&quot;0&quot;}\" data-image-title=\"photos-3\" data-image-description=\"\" data-image-caption=\"\" data-medium-file=\"https:\/\/i0.wp.com\/lepetitatelier-architectes.fr\/wp-content\/uploads\/2026\/01\/photos-3.jpg?fit=300%2C300&amp;ssl=1\" data-large-file=\"https:\/\/i0.wp.com\/lepetitatelier-architectes.fr\/wp-content\/uploads\/2026\/01\/photos-3.jpg?fit=1024%2C1024&amp;ssl=1\" \/>\t\t\t\t\t<\/div>\n\t\t\t\t\t\t\t<div class=\"pg-mosaic-content\">\n\t\t\t\t\t\t\t\t\t\t\t\t\t\t\t\t\t\t\t\t\t\t\t<\/div>\n\t\t\t\t\t\t\t\t\t\t\t\t<\/div>\n\n\t\t\n\t\t<div class=\"pg-mosaic-item pg-item elementor-repeater-item-c2c4503\">\n\t\t\t\t\t\t\t\t<div class=\"pg-mosaic-image-wrap bdt-pg-img-mask\">\n\t\t\t<img loading=\"lazy\" decoding=\"async\" width=\"864\" height=\"864\" src=\"https:\/\/i0.wp.com\/lepetitatelier-architectes.fr\/wp-content\/uploads\/2026\/01\/photos-2.jpg?fit=864%2C864&amp;ssl=1\" class=\"pg-mosaic-img\" alt=\"Gallery Title Here\" srcset=\"https:\/\/i0.wp.com\/lepetitatelier-architectes.fr\/wp-content\/uploads\/2026\/01\/photos-2.jpg?w=864&amp;ssl=1 864w, https:\/\/i0.wp.com\/lepetitatelier-architectes.fr\/wp-content\/uploads\/2026\/01\/photos-2.jpg?resize=300%2C300&amp;ssl=1 300w, https:\/\/i0.wp.com\/lepetitatelier-architectes.fr\/wp-content\/uploads\/2026\/01\/photos-2.jpg?resize=150%2C150&amp;ssl=1 150w, https:\/\/i0.wp.com\/lepetitatelier-architectes.fr\/wp-content\/uploads\/2026\/01\/photos-2.jpg?resize=768%2C768&amp;ssl=1 768w\" sizes=\"auto, (max-width: 864px) 100vw, 864px\" data-attachment-id=\"4824\" data-permalink=\"https:\/\/lepetitatelier-architectes.fr\/index.php\/chanteloup\/photos-2-2\/\" data-orig-file=\"https:\/\/i0.wp.com\/lepetitatelier-architectes.fr\/wp-content\/uploads\/2026\/01\/photos-2.jpg?fit=864%2C864&amp;ssl=1\" data-orig-size=\"864,864\" data-comments-opened=\"1\" data-image-meta=\"{&quot;aperture&quot;:&quot;0&quot;,&quot;credit&quot;:&quot;&quot;,&quot;camera&quot;:&quot;&quot;,&quot;caption&quot;:&quot;&quot;,&quot;created_timestamp&quot;:&quot;1513699033&quot;,&quot;copyright&quot;:&quot;&quot;,&quot;focal_length&quot;:&quot;0&quot;,&quot;iso&quot;:&quot;0&quot;,&quot;shutter_speed&quot;:&quot;0&quot;,&quot;title&quot;:&quot;&quot;,&quot;orientation&quot;:&quot;0&quot;}\" data-image-title=\"photos-2\" data-image-description=\"\" data-image-caption=\"\" data-medium-file=\"https:\/\/i0.wp.com\/lepetitatelier-architectes.fr\/wp-content\/uploads\/2026\/01\/photos-2.jpg?fit=300%2C300&amp;ssl=1\" data-large-file=\"https:\/\/i0.wp.com\/lepetitatelier-architectes.fr\/wp-content\/uploads\/2026\/01\/photos-2.jpg?fit=864%2C864&amp;ssl=1\" \/>\t\t\t\t\t<\/div>\n\t\t\t\t\t\t\t<div class=\"pg-mosaic-content\">\n\t\t\t\t\t\t\t\t\t\t\t\t\t\t\t\t\t\t\t\t\t\t\t<\/div>\n\t\t\t\t\t\t\t\t\t\t\t\t<\/div>\n\n\t\t\n\t\t<div class=\"pg-mosaic-item pg-item elementor-repeater-item-3848cdd\">\n\t\t\t\t\t\t\t\t<div class=\"pg-mosaic-image-wrap bdt-pg-img-mask\">\n\t\t\t<img loading=\"lazy\" decoding=\"async\" width=\"968\" height=\"1024\" src=\"https:\/\/i0.wp.com\/lepetitatelier-architectes.fr\/wp-content\/uploads\/2026\/01\/Capture-decran-2020-05-18-a-14.44.56.jpg?fit=968%2C1024&amp;ssl=1\" class=\"pg-mosaic-img\" alt=\"Gallery Title Here\" srcset=\"https:\/\/i0.wp.com\/lepetitatelier-architectes.fr\/wp-content\/uploads\/2026\/01\/Capture-decran-2020-05-18-a-14.44.56.jpg?w=2166&amp;ssl=1 2166w, https:\/\/i0.wp.com\/lepetitatelier-architectes.fr\/wp-content\/uploads\/2026\/01\/Capture-decran-2020-05-18-a-14.44.56.jpg?resize=284%2C300&amp;ssl=1 284w, https:\/\/i0.wp.com\/lepetitatelier-architectes.fr\/wp-content\/uploads\/2026\/01\/Capture-decran-2020-05-18-a-14.44.56.jpg?resize=968%2C1024&amp;ssl=1 968w, https:\/\/i0.wp.com\/lepetitatelier-architectes.fr\/wp-content\/uploads\/2026\/01\/Capture-decran-2020-05-18-a-14.44.56.jpg?resize=768%2C813&amp;ssl=1 768w, https:\/\/i0.wp.com\/lepetitatelier-architectes.fr\/wp-content\/uploads\/2026\/01\/Capture-decran-2020-05-18-a-14.44.56.jpg?resize=1452%2C1536&amp;ssl=1 1452w, https:\/\/i0.wp.com\/lepetitatelier-architectes.fr\/wp-content\/uploads\/2026\/01\/Capture-decran-2020-05-18-a-14.44.56.jpg?resize=1935%2C2048&amp;ssl=1 1935w\" sizes=\"auto, (max-width: 968px) 100vw, 968px\" data-attachment-id=\"4820\" data-permalink=\"https:\/\/lepetitatelier-architectes.fr\/index.php\/chanteloup\/capture-decran-2020-05-18-a-14-44-56-2\/\" data-orig-file=\"https:\/\/i0.wp.com\/lepetitatelier-architectes.fr\/wp-content\/uploads\/2026\/01\/Capture-decran-2020-05-18-a-14.44.56.jpg?fit=2166%2C2292&amp;ssl=1\" data-orig-size=\"2166,2292\" data-comments-opened=\"1\" data-image-meta=\"{&quot;aperture&quot;:&quot;0&quot;,&quot;credit&quot;:&quot;&quot;,&quot;camera&quot;:&quot;&quot;,&quot;caption&quot;:&quot;&quot;,&quot;created_timestamp&quot;:&quot;1589813105&quot;,&quot;copyright&quot;:&quot;&quot;,&quot;focal_length&quot;:&quot;0&quot;,&quot;iso&quot;:&quot;0&quot;,&quot;shutter_speed&quot;:&quot;0&quot;,&quot;title&quot;:&quot;&quot;,&quot;orientation&quot;:&quot;0&quot;}\" data-image-title=\"Capture d\u2019\u00e9cran 2020-05-18 \u00e0 14.44.56\" data-image-description=\"\" data-image-caption=\"\" data-medium-file=\"https:\/\/i0.wp.com\/lepetitatelier-architectes.fr\/wp-content\/uploads\/2026\/01\/Capture-decran-2020-05-18-a-14.44.56.jpg?fit=284%2C300&amp;ssl=1\" data-large-file=\"https:\/\/i0.wp.com\/lepetitatelier-architectes.fr\/wp-content\/uploads\/2026\/01\/Capture-decran-2020-05-18-a-14.44.56.jpg?fit=968%2C1024&amp;ssl=1\" \/>\t\t\t\t\t<\/div>\n\t\t\t\t\t\t\t<div class=\"pg-mosaic-content\">\n\t\t\t\t\t\t\t\t\t\t\t\t\t\t\t\t\t\t\t\t\t\t\t<\/div>\n\t\t\t\t\t\t\t\t\t\t\t\t<\/div>\n\n\t\t\t\t<\/div>\n\t\t\t\t<\/div>\n\t\t\t\t<\/div>\n\t\t\t\t<\/div>\n\t\t<div class=\"elementor-element elementor-element-132865e e-con-full e-flex e-con e-parent\" data-id=\"132865e\" data-element_type=\"container\" data-e-type=\"container\">\n\t\t\t\t<div class=\"elementor-element elementor-element-8e0e350 elementor-widget elementor-widget-heading\" data-id=\"8e0e350\" data-element_type=\"widget\" data-e-type=\"widget\" data-widget_type=\"heading.default\">\n\t\t\t\t<div class=\"elementor-widget-container\">\n\t\t\t\t\t<h2 class=\"elementor-heading-title elementor-size-default\">photos avant\/Apr\u00e8s<\/h2>\t\t\t\t<\/div>\n\t\t\t\t<\/div>\n\t\t\t\t<div class=\"elementor-element elementor-element-4d51ee2 elementor-arrows-position-inside elementor-pagination-position-outside elementor-widget elementor-widget-image-carousel\" data-id=\"4d51ee2\" data-element_type=\"widget\" data-e-type=\"widget\" data-settings=\"{&quot;slides_to_show&quot;:&quot;1&quot;,&quot;navigation&quot;:&quot;both&quot;,&quot;autoplay&quot;:&quot;yes&quot;,&quot;pause_on_hover&quot;:&quot;yes&quot;,&quot;pause_on_interaction&quot;:&quot;yes&quot;,&quot;autoplay_speed&quot;:5000,&quot;infinite&quot;:&quot;yes&quot;,&quot;effect&quot;:&quot;slide&quot;,&quot;speed&quot;:500}\" data-widget_type=\"image-carousel.default\">\n\t\t\t\t<div class=\"elementor-widget-container\">\n\t\t\t\t\t\t\t<div class=\"elementor-image-carousel-wrapper swiper\" role=\"region\" aria-roledescription=\"carousel\" aria-label=\"Carrousel d\u2019images\" dir=\"ltr\">\n\t\t\t<div class=\"elementor-image-carousel swiper-wrapper\" aria-live=\"off\">\n\t\t\t\t\t\t\t\t<div class=\"swiper-slide\" role=\"group\" aria-roledescription=\"slide\" aria-label=\"1 sur 2\"><figure class=\"swiper-slide-inner\"><img decoding=\"async\" class=\"swiper-slide-image\" src=\"https:\/\/i0.wp.com\/lepetitatelier-architectes.fr\/wp-content\/uploads\/2026\/01\/Capture-decran-2025-06-02-a-09.30.57-scaled.png?fit=1536%2C783&amp;ssl=1\" alt=\"Capture d\u2019\u00e9cran 2025-06-02 \u00e0 09.30.57\" \/><\/figure><\/div><div class=\"swiper-slide\" role=\"group\" aria-roledescription=\"slide\" aria-label=\"2 sur 2\"><figure class=\"swiper-slide-inner\"><img decoding=\"async\" class=\"swiper-slide-image\" src=\"https:\/\/i0.wp.com\/lepetitatelier-architectes.fr\/wp-content\/uploads\/2026\/01\/Capture-decran-2025-06-02-a-09.31.23.png?fit=1536%2C820&amp;ssl=1\" alt=\"Capture d\u2019\u00e9cran 2025-06-02 \u00e0 09.31.23\" \/><\/figure><\/div>\t\t\t<\/div>\n\t\t\t\t\t\t\t\t\t\t\t\t<div class=\"elementor-swiper-button elementor-swiper-button-prev\" role=\"button\" tabindex=\"0\">\n\t\t\t\t\t\t<svg aria-hidden=\"true\" class=\"e-font-icon-svg e-eicon-chevron-left\" viewBox=\"0 0 1000 1000\" xmlns=\"http:\/\/www.w3.org\/2000\/svg\"><path d=\"M646 125C629 125 613 133 604 142L308 442C296 454 292 471 292 487 292 504 296 521 308 533L604 854C617 867 629 875 646 875 663 875 679 871 692 858 704 846 713 829 713 812 713 796 708 779 692 767L438 487 692 225C700 217 708 204 708 187 708 171 704 154 692 142 675 129 663 125 646 125Z\"><\/path><\/svg>\t\t\t\t\t<\/div>\n\t\t\t\t\t<div class=\"elementor-swiper-button elementor-swiper-button-next\" role=\"button\" tabindex=\"0\">\n\t\t\t\t\t\t<svg aria-hidden=\"true\" class=\"e-font-icon-svg e-eicon-chevron-right\" viewBox=\"0 0 1000 1000\" xmlns=\"http:\/\/www.w3.org\/2000\/svg\"><path d=\"M696 533C708 521 713 504 713 487 713 471 708 454 696 446L400 146C388 133 375 125 354 125 338 125 325 129 313 142 300 154 292 171 292 187 292 204 296 221 308 233L563 492 304 771C292 783 288 800 288 817 288 833 296 850 308 863 321 871 338 875 354 875 371 875 388 867 400 854L696 533Z\"><\/path><\/svg>\t\t\t\t\t<\/div>\n\t\t\t\t\n\t\t\t\t\t\t\t\t\t<div class=\"swiper-pagination\"><\/div>\n\t\t\t\t\t\t\t\t\t<\/div>\n\t\t\t\t\t\t<\/div>\n\t\t\t\t<\/div>\n\t\t\t\t<\/div>\n\t\t\t\t<\/div>\n\t\t","protected":false},"excerpt":{"rendered":"<p>Chanteloup Ma\u00eetrise d&rsquo;ouvrage Communaut\u00e9 d\u2019Agglom\u00e9ration des 2 Rives de Seine Ma\u00eetrise d&rsquo;oeuvre Interne, en collaboration avec Sabine Lerouxel, Architecte DPLG [&hellip;]<\/p>\n","protected":false},"author":1,"featured_media":0,"parent":0,"menu_order":0,"comment_status":"closed","ping_status":"closed","template":"","meta":{"site-sidebar-layout":"default","site-content-layout":"","ast-site-content-layout":"full-width-container","site-content-style":"default","site-sidebar-style":"default","ast-global-header-display":"","ast-banner-title-visibility":"","ast-main-header-display":"","ast-hfb-above-header-display":"","ast-hfb-below-header-display":"","ast-hfb-mobile-header-display":"","site-post-title":"disabled","ast-breadcrumbs-content":"","ast-featured-img":"","footer-sml-layout":"","ast-disable-related-posts":"","theme-transparent-header-meta":"","adv-header-id-meta":"","stick-header-meta":"","header-above-stick-meta":"","header-main-stick-meta":"","header-below-stick-meta":"","astra-migrate-meta-layouts":"default","ast-page-background-enabled":"default","ast-page-background-meta":{"desktop":{"background-color":"var(--ast-global-color-5)","background-image":"","background-repeat":"repeat","background-position":"center center","background-size":"auto","background-attachment":"scroll","background-type":"","background-media":"","overlay-type":"","overlay-color":"","overlay-opacity":"","overlay-gradient":""},"tablet":{"background-color":"","background-image":"","background-repeat":"repeat","background-position":"center center","background-size":"auto","background-attachment":"scroll","background-type":"","background-media":"","overlay-type":"","overlay-color":"","overlay-opacity":"","overlay-gradient":""},"mobile":{"background-color":"","background-image":"","background-repeat":"repeat","background-position":"center center","background-size":"auto","background-attachment":"scroll","background-type":"","background-media":"","overlay-type":"","overlay-color":"","overlay-opacity":"","overlay-gradient":""}},"ast-content-background-meta":{"desktop":{"background-color":"var(--ast-global-color-4)","background-image":"","background-repeat":"repeat","background-position":"center center","background-size":"auto","background-attachment":"scroll","background-type":"","background-media":"","overlay-type":"","overlay-color":"","overlay-opacity":"","overlay-gradient":""},"tablet":{"background-color":"var(--ast-global-color-4)","background-image":"","background-repeat":"repeat","background-position":"center center","background-size":"auto","background-attachment":"scroll","background-type":"","background-media":"","overlay-type":"","overlay-color":"","overlay-opacity":"","overlay-gradient":""},"mobile":{"background-color":"var(--ast-global-color-4)","background-image":"","background-repeat":"repeat","background-position":"center center","background-size":"auto","background-attachment":"scroll","background-type":"","background-media":"","overlay-type":"","overlay-color":"","overlay-opacity":"","overlay-gradient":""}},"_themeisle_gutenberg_block_has_review":false,"footnotes":""},"class_list":["post-4806","page","type-page","status-publish","hentry"],"jetpack_sharing_enabled":true,"jetpack_shortlink":"https:\/\/wp.me\/P9pbYb-1fw","_links":{"self":[{"href":"https:\/\/lepetitatelier-architectes.fr\/index.php\/wp-json\/wp\/v2\/pages\/4806","targetHints":{"allow":["GET"]}}],"collection":[{"href":"https:\/\/lepetitatelier-architectes.fr\/index.php\/wp-json\/wp\/v2\/pages"}],"about":[{"href":"https:\/\/lepetitatelier-architectes.fr\/index.php\/wp-json\/wp\/v2\/types\/page"}],"author":[{"embeddable":true,"href":"https:\/\/lepetitatelier-architectes.fr\/index.php\/wp-json\/wp\/v2\/users\/1"}],"replies":[{"embeddable":true,"href":"https:\/\/lepetitatelier-architectes.fr\/index.php\/wp-json\/wp\/v2\/comments?post=4806"}],"version-history":[{"count":10,"href":"https:\/\/lepetitatelier-architectes.fr\/index.php\/wp-json\/wp\/v2\/pages\/4806\/revisions"}],"predecessor-version":[{"id":5082,"href":"https:\/\/lepetitatelier-architectes.fr\/index.php\/wp-json\/wp\/v2\/pages\/4806\/revisions\/5082"}],"wp:attachment":[{"href":"https:\/\/lepetitatelier-architectes.fr\/index.php\/wp-json\/wp\/v2\/media?parent=4806"}],"curies":[{"name":"wp","href":"https:\/\/api.w.org\/{rel}","templated":true}]}}