{"id":5042,"date":"2026-01-09T09:23:21","date_gmt":"2026-01-09T08:23:21","guid":{"rendered":"https:\/\/lepetitatelier-architectes.fr\/?page_id=5042"},"modified":"2026-01-09T14:52:49","modified_gmt":"2026-01-09T13:52:49","slug":"agence","status":"publish","type":"page","link":"https:\/\/lepetitatelier-architectes.fr\/index.php\/agence\/","title":{"rendered":"Agence"},"content":{"rendered":"\t\t<div data-elementor-type=\"wp-page\" data-elementor-id=\"5042\" class=\"elementor elementor-5042\">\n\t\t\t\t<div class=\"elementor-element elementor-element-531b306 e-con-full e-transform e-transform e-flex e-con e-parent\" data-id=\"531b306\" data-element_type=\"container\" data-e-type=\"container\" data-settings=\"{&quot;_transform_flipX_effect&quot;:&quot;transform&quot;,&quot;background_background&quot;:&quot;classic&quot;,&quot;_transform_rotateZ_effect&quot;:{&quot;unit&quot;:&quot;px&quot;,&quot;size&quot;:&quot;&quot;,&quot;sizes&quot;:[]},&quot;_transform_rotateZ_effect_tablet&quot;:{&quot;unit&quot;:&quot;deg&quot;,&quot;size&quot;:&quot;&quot;,&quot;sizes&quot;:[]},&quot;_transform_rotateZ_effect_mobile&quot;:{&quot;unit&quot;:&quot;deg&quot;,&quot;size&quot;:&quot;&quot;,&quot;sizes&quot;:[]}}\">\n\t\t<div class=\"elementor-element elementor-element-c8d5af3 e-con-full e-flex e-con e-child\" data-id=\"c8d5af3\" data-element_type=\"container\" data-e-type=\"container\" data-settings=\"{&quot;background_background&quot;:&quot;classic&quot;}\">\n\t\t\t\t<\/div>\n\t\t<div class=\"elementor-element elementor-element-a772907 e-con-full e-flex e-con e-child\" data-id=\"a772907\" data-element_type=\"container\" data-e-type=\"container\" data-settings=\"{&quot;background_background&quot;:&quot;classic&quot;}\">\n\t\t\t\t<div class=\"elementor-element elementor-element-ce56eca e-transform elementor-widget elementor-widget-heading\" data-id=\"ce56eca\" data-element_type=\"widget\" data-e-type=\"widget\" data-settings=\"{&quot;_transform_flipX_effect&quot;:&quot;transform&quot;}\" data-widget_type=\"heading.default\">\n\t\t\t\t<div class=\"elementor-widget-container\">\n\t\t\t\t\t<h2 class=\"elementor-heading-title elementor-size-default\">le petit atelier, c'est quoi ?<\/h2>\t\t\t\t<\/div>\n\t\t\t\t<\/div>\n\t\t\t\t<\/div>\n\t\t\t\t<\/div>\n\t\t<div class=\"elementor-element elementor-element-cd858db e-con-full e-flex e-con e-parent\" data-id=\"cd858db\" data-element_type=\"container\" data-e-type=\"container\">\n\t\t\t\t<div class=\"elementor-element elementor-element-0df64e3 elementor-widget elementor-widget-heading\" data-id=\"0df64e3\" data-element_type=\"widget\" data-e-type=\"widget\" data-widget_type=\"heading.default\">\n\t\t\t\t<div class=\"elementor-widget-container\">\n\t\t\t\t\t<h2 class=\"elementor-heading-title elementor-size-default\">Nos missions<\/h2>\t\t\t\t<\/div>\n\t\t\t\t<\/div>\n\t\t\t\t<div class=\"elementor-element elementor-element-a0bddd3 elementor-widget elementor-widget-heading\" data-id=\"a0bddd3\" data-element_type=\"widget\" data-e-type=\"widget\" data-widget_type=\"heading.default\">\n\t\t\t\t<div class=\"elementor-widget-container\">\n\t\t\t\t\t<h6 class=\"elementor-heading-title elementor-size-default\">Notre but est de vous accompagner dans votre projet, le penser, le dessiner et le construire avec vous. Mais en fonction de votre projet, vous pouvez d\u00e9cider de nous confier diff\u00e9rentes missions :<\/h6>\t\t\t\t<\/div>\n\t\t\t\t<\/div>\n\t\t\t\t<div class=\"elementor-element elementor-element-08eda71 elementor-widget elementor-widget-heading\" data-id=\"08eda71\" data-element_type=\"widget\" data-e-type=\"widget\" data-widget_type=\"heading.default\">\n\t\t\t\t<div class=\"elementor-widget-container\">\n\t\t\t\t\t<h2 class=\"elementor-heading-title elementor-size-default\">Diagnostic &amp; relev\u00e9s<\/h2>\t\t\t\t<\/div>\n\t\t\t\t<\/div>\n\t\t\t\t<div class=\"elementor-element elementor-element-eefaee9 elementor-widget elementor-widget-heading\" data-id=\"eefaee9\" data-element_type=\"widget\" data-e-type=\"widget\" data-widget_type=\"heading.default\">\n\t\t\t\t<div class=\"elementor-widget-container\">\n\t\t\t\t\t<h6 class=\"elementor-heading-title elementor-size-default\">Nous venons prendre toutes les mesures d\u2019un b\u00e2timent et effectuons un diagnostic des ouvrages existants. Cela peut \u00e9ventuellement s\u2019accompagner de recherches historiques et urbanistiques si votre projet le n\u00e9cessite.<\/h6>\t\t\t\t<\/div>\n\t\t\t\t<\/div>\n\t\t\t\t<div class=\"elementor-element elementor-element-fbc997e elementor-widget elementor-widget-heading\" data-id=\"fbc997e\" data-element_type=\"widget\" data-e-type=\"widget\" data-widget_type=\"heading.default\">\n\t\t\t\t<div class=\"elementor-widget-container\">\n\t\t\t\t\t<h2 class=\"elementor-heading-title elementor-size-default\">\u00c9tude de faisabilit\u00e9<\/h2>\t\t\t\t<\/div>\n\t\t\t\t<\/div>\n\t\t\t\t<div class=\"elementor-element elementor-element-4e14d89 elementor-widget elementor-widget-heading\" data-id=\"4e14d89\" data-element_type=\"widget\" data-e-type=\"widget\" data-widget_type=\"heading.default\">\n\t\t\t\t<div class=\"elementor-widget-container\">\n\t\t\t\t\t<h6 class=\"elementor-heading-title elementor-size-default\">Nous d\u00e9butons chaque projet par une Etude de Faisabilit\u00e9 : apr\u00e8s une premi\u00e8re rencontre et d\u2019\u00e9ventuels relev\u00e9s, nous planchons sur votre projet pour vous proposer une premi\u00e8re esquisse dessin\u00e9e \u00e0 la main, correspondant \u00e0 ce que vous souhaitiez, accompagn\u00e9e d\u2019une estimation provisoire du cout de l\u2019op\u00e9ration ainsi que d\u2019un calendrier pr\u00e9visionnel. Cela vous permet de savoir si votre projet est r\u00e9alisable dans des d\u00e9lais convenables et en ad\u00e9quation avec votre budget. Cette \u00e9tude peut \u00e9galement \u00eatre tr\u00e8s utile pour l\u2019achat \u00e9ventuel d\u2019un bien immobilier o\u00f9 des travaux sont \u00e0 pr\u00e9voir.<\/h6>\t\t\t\t<\/div>\n\t\t\t\t<\/div>\n\t\t\t\t<div class=\"elementor-element elementor-element-8a1a5d9 elementor-widget elementor-widget-heading\" data-id=\"8a1a5d9\" data-element_type=\"widget\" data-e-type=\"widget\" data-widget_type=\"heading.default\">\n\t\t\t\t<div class=\"elementor-widget-container\">\n\t\t\t\t\t<h2 class=\"elementor-heading-title elementor-size-default\">D\u00e9p\u00f4t d'un Permis de Construire (ou autres autorisations d'urbanisme...)<\/h2>\t\t\t\t<\/div>\n\t\t\t\t<\/div>\n\t\t\t\t<div class=\"elementor-element elementor-element-a48a969 elementor-widget elementor-widget-heading\" data-id=\"a48a969\" data-element_type=\"widget\" data-e-type=\"widget\" data-widget_type=\"heading.default\">\n\t\t\t\t<div class=\"elementor-widget-container\">\n\t\t\t\t\t<h6 class=\"elementor-heading-title elementor-size-default\">Apr\u00e8s avoir d\u00e9velopp\u00e9 de mani\u00e8re plus pouss\u00e9e ensemble votre projet \u00e0 partir de l\u2019\u00e9tude de faisabilit\u00e9, nous prenons en charge la constitution de votre de dossier de Permis de Construire, ou tout autre autorisation d\u2019urbanisme n\u00e9cessaire \u00e0 votre projet. Nous \u00e9tablissons toutes les pi\u00e8ces graphiques et \u00e9crites demand\u00e9es, et nous vous accompagnons dans la constitution du dossier administratif, ainsi que dans les \u00e9ventuels \u00e9changes que vous pourriez avoir avec l\u2019administration. Si votre projet le n\u00e9cessite, nous nous occupons \u00e9galement des dossiers de Permis de D\u00e9molir, Demande de travaux pour des Etablissements Recevant du Public (ERP), etc\u2026<\/h6>\t\t\t\t<\/div>\n\t\t\t\t<\/div>\n\t\t\t\t<div class=\"elementor-element elementor-element-6f58900 elementor-widget elementor-widget-heading\" data-id=\"6f58900\" data-element_type=\"widget\" data-e-type=\"widget\" data-widget_type=\"heading.default\">\n\t\t\t\t<div class=\"elementor-widget-container\">\n\t\t\t\t\t<h2 class=\"elementor-heading-title elementor-size-default\">Mission de Conception<\/h2>\t\t\t\t<\/div>\n\t\t\t\t<\/div>\n\t\t\t\t<div class=\"elementor-element elementor-element-ee14bc5 elementor-widget elementor-widget-heading\" data-id=\"ee14bc5\" data-element_type=\"widget\" data-e-type=\"widget\" data-widget_type=\"heading.default\">\n\t\t\t\t<div class=\"elementor-widget-container\">\n\t\t\t\t\t<h6 class=\"elementor-heading-title elementor-size-default\">Suite \u00e0 un \u00e9ventuel d\u00e9p\u00f4t d\u2019une autorisation d\u2019urbanisme, nous d\u00e9marrons les \u00e9tudes de Projet : nous dessinons les plans et autres documents qui permettront la r\u00e9alisation de votre projet. Seulement ces plans pourront \u00eatre transmit \u00e0 des entreprises et des artisans pour votre chantier.<\/h6>\t\t\t\t<\/div>\n\t\t\t\t<\/div>\n\t\t\t\t<div class=\"elementor-element elementor-element-a769f05 elementor-widget elementor-widget-heading\" data-id=\"a769f05\" data-element_type=\"widget\" data-e-type=\"widget\" data-widget_type=\"heading.default\">\n\t\t\t\t<div class=\"elementor-widget-container\">\n\t\t\t\t\t<h2 class=\"elementor-heading-title elementor-size-default\">Suivi de chantier et direction des travaux<\/h2>\t\t\t\t<\/div>\n\t\t\t\t<\/div>\n\t\t\t\t<div class=\"elementor-element elementor-element-c91f2cd elementor-widget elementor-widget-heading\" data-id=\"c91f2cd\" data-element_type=\"widget\" data-e-type=\"widget\" data-widget_type=\"heading.default\">\n\t\t\t\t<div class=\"elementor-widget-container\">\n\t\t\t\t\t<h6 class=\"elementor-heading-title elementor-size-default\">Si vous nous confiez cette mission, nous g\u00e9rons l\u2019int\u00e9gralit\u00e9 des travaux jusqu\u2019\u00e0 la r\u00e9ception de votre chantier. Nous consultons diff\u00e9rentes entreprises capables d\u2019effectuer les travaux (y compris celles que vous pourriez nous proposer !), puis nous vous pr\u00e9sentons une analyse des diff\u00e9rents devis que nous avons re\u00e7u. Le choix final des artisans &amp; des entreprises vous revient. Apr\u00e8s vous avoir assist\u00e9 pour passer les march\u00e9s de travaux avec les artisans, nous suivons le chantier, en coordonnant les diff\u00e9rentes interventions des artisans, en veillant au respect du planning, et nous programmons et animons les r\u00e9unions de chantier jusqu\u2019\u00e0 la r\u00e9ception des travaux, afin que le r\u00e9sultat final corresponde \u00e0 vos attentes, et que vous puissiez profiter pleinement de votre projet r\u00e9alis\u00e9.<\/h6>\t\t\t\t<\/div>\n\t\t\t\t<\/div>\n\t\t\t\t<\/div>\n\t\t<div class=\"elementor-element elementor-element-b53da3c e-con-full e-flex e-con e-parent\" data-id=\"b53da3c\" data-element_type=\"container\" data-e-type=\"container\" data-settings=\"{&quot;background_background&quot;:&quot;classic&quot;}\">\n\t\t<div class=\"elementor-element elementor-element-5a6fac4 e-con-full e-flex e-con e-child\" data-id=\"5a6fac4\" data-element_type=\"container\" data-e-type=\"container\" data-settings=\"{&quot;background_background&quot;:&quot;classic&quot;}\">\n\t\t\t\t<\/div>\n\t\t<div class=\"elementor-element elementor-element-75a8893 e-con-full e-flex e-con e-child\" data-id=\"75a8893\" data-element_type=\"container\" data-e-type=\"container\" data-settings=\"{&quot;background_background&quot;:&quot;classic&quot;}\">\n\t\t\t\t<div class=\"elementor-element elementor-element-5f30165 elementor-widget elementor-widget-heading\" data-id=\"5f30165\" data-element_type=\"widget\" data-e-type=\"widget\" data-widget_type=\"heading.default\">\n\t\t\t\t<div class=\"elementor-widget-container\">\n\t\t\t\t\t<h2 class=\"elementor-heading-title elementor-size-default\">Le petit atelier, c'est qui ?<\/h2>\t\t\t\t<\/div>\n\t\t\t\t<\/div>\n\t\t\t\t<\/div>\n\t\t\t\t<\/div>\n\t\t<div class=\"elementor-element elementor-element-dce1490 e-con-full e-flex e-con e-parent\" data-id=\"dce1490\" data-element_type=\"container\" data-e-type=\"container\">\n\t\t<div class=\"elementor-element elementor-element-c6fab2b e-con-full e-flex e-con e-child\" data-id=\"c6fab2b\" data-element_type=\"container\" data-e-type=\"container\">\n\t\t\t\t<div class=\"elementor-element elementor-element-4e62721 elementor-widget elementor-widget-heading\" data-id=\"4e62721\" data-element_type=\"widget\" data-e-type=\"widget\" data-widget_type=\"heading.default\">\n\t\t\t\t<div class=\"elementor-widget-container\">\n\t\t\t\t\t<h6 class=\"elementor-heading-title elementor-size-default\">Apr\u00e8s avoir travaill\u00e9 dans diff\u00e9rentes agences et structures, Charlotte Rebillard cr\u00e9\u00e9 Le Petit Atelier en 2017.<\/h6>\t\t\t\t<\/div>\n\t\t\t\t<\/div>\n\t\t\t\t<div class=\"elementor-element elementor-element-ee75efa elementor-widget elementor-widget-heading\" data-id=\"ee75efa\" data-element_type=\"widget\" data-e-type=\"widget\" data-widget_type=\"heading.default\">\n\t\t\t\t<div class=\"elementor-widget-container\">\n\t\t\t\t\t<h2 class=\"elementor-heading-title elementor-size-default\">Dipl\u00f4mes &amp; Formations<\/h2>\t\t\t\t<\/div>\n\t\t\t\t<\/div>\n\t\t\t\t<div class=\"elementor-element elementor-element-c41760a elementor-widget elementor-widget-heading\" data-id=\"c41760a\" data-element_type=\"widget\" data-e-type=\"widget\" data-widget_type=\"heading.default\">\n\t\t\t\t<div class=\"elementor-widget-container\">\n\t\t\t\t\t<h6 class=\"elementor-heading-title elementor-size-default\"><b>\u00b7<\/b> Construire en terre crue aujourd\u2019hui \u2013 Ty Eco 2 \u2013 2023<br><b>\u00b7<\/b> Prendre en compte la RE 2020 pour la conception de maisons individuelles et extensions \u2013 Gep Atlantique \u2013 2023<br><b>\u00b7 <\/b>Vers un b\u00e2timent responsable RE 2020 \u2013 Ty Eco 2 \u2013 2021<br><b>\u00b7<\/b> R\u00e9novation du b\u00e2ti ancien \u2013 Formation FEEBAT chez Ty Eco 2 \u2013 2020<br><b>\u00b7<\/b> R\u00e9novation \u00e0 faible impact \u00e9nerg\u00e9tique de b\u00e2timents existants -Formation FEEBAT chez Ty Eco 2 \u2013 2019<br><b>\u00b7<\/b> Habilitation \u00e0 la Maitrise d\u2019Oeuvre en son Nom Propre (Ecole Nationale Sup\u00e9rieure d\u2019Architecture de Bretagne) \u2013 2017<br><b>\u00b7<\/b> Dipl\u00f4me d\u2019Etat d\u2019Architecte (Ecole Nationale Sup\u00e9rieure d\u2019Architecture de Bretagne) \u2013 2013<br><b>\u00b7 <\/b>Langues maitris\u00e9es : Langue des Signes Fran\u00e7aises, Anglais.<\/h6>\t\t\t\t<\/div>\n\t\t\t\t<\/div>\n\t\t\t\t<div class=\"elementor-element elementor-element-e4db5cd elementor-widget elementor-widget-heading\" data-id=\"e4db5cd\" data-element_type=\"widget\" data-e-type=\"widget\" data-widget_type=\"heading.default\">\n\t\t\t\t<div class=\"elementor-widget-container\">\n\t\t\t\t\t<h2 class=\"elementor-heading-title elementor-size-default\">Avant Le Petit Atelier<\/h2>\t\t\t\t<\/div>\n\t\t\t\t<\/div>\n\t\t\t\t<div class=\"elementor-element elementor-element-7f145c6 elementor-widget elementor-widget-heading\" data-id=\"7f145c6\" data-element_type=\"widget\" data-e-type=\"widget\" data-widget_type=\"heading.default\">\n\t\t\t\t<div class=\"elementor-widget-container\">\n\t\t\t\t\t<h6 class=\"elementor-heading-title elementor-size-default\"><b>\u00b7<\/b> Atelier Michel Gourion (50) \u2013 2015\/2017<br><b>\u00b7<\/b> Communaut\u00e9 d\u2019Agglom\u00e9ration des 2 Rives de Seines (78) \u2013 2013\/2015<br><b>\u00b7 <\/b>Architecte d\u2019int\u00e9rieur &amp; Maitre d\u2019oeuvre en auto-entrepreneur (35) \u2013 2013\/2015<br><b>\u00b7<\/b> Agence Catherine Proux (35) \u2013 2012<br><b>\u00b7 <\/b>Autres exp\u00e9riences associatives : Tr\u00e9sori\u00e8re du Workshop inter-ENSA \u00ab Architectonik \u00bb de Rennes (2010) \/ Secr\u00e9taire puis Tr\u00e9sori\u00e8re de \u00ab La Taloche \u00bb, BDE de l\u2019ENSAB (2008\/2011<br><b>\u00b7 <\/b>Autres exp\u00e9riences professionnelles : Animatrice en Centre de Loisirs et colonies de vacances \u00e0 Liffr\u00e9 (2008\/2013), Conseill\u00e8re LMDE (2010\/2013), Barman aux Grands Gamins (2017)<\/h6>\t\t\t\t<\/div>\n\t\t\t\t<\/div>\n\t\t\t\t<\/div>\n\t\t<div class=\"elementor-element elementor-element-833b513 e-con-full e-flex e-con e-child\" data-id=\"833b513\" data-element_type=\"container\" data-e-type=\"container\">\n\t\t\t\t<div class=\"elementor-element elementor-element-cf48050 elementor-widget elementor-widget-image\" data-id=\"cf48050\" data-element_type=\"widget\" data-e-type=\"widget\" data-widget_type=\"image.default\">\n\t\t\t\t<div class=\"elementor-widget-container\">\n\t\t\t\t\t\t\t\t\t\t\t\t\t\t\t<img loading=\"lazy\" decoding=\"async\" data-attachment-id=\"5045\" data-permalink=\"https:\/\/lepetitatelier-architectes.fr\/index.php\/agence\/img_0589\/\" data-orig-file=\"https:\/\/i0.wp.com\/lepetitatelier-architectes.fr\/wp-content\/uploads\/2026\/01\/IMG_0589-scaled.jpg?fit=1920%2C2560&amp;ssl=1\" data-orig-size=\"1920,2560\" data-comments-opened=\"1\" data-image-meta=\"{&quot;aperture&quot;:&quot;0&quot;,&quot;credit&quot;:&quot;&quot;,&quot;camera&quot;:&quot;&quot;,&quot;caption&quot;:&quot;&quot;,&quot;created_timestamp&quot;:&quot;0&quot;,&quot;copyright&quot;:&quot;&quot;,&quot;focal_length&quot;:&quot;0&quot;,&quot;iso&quot;:&quot;0&quot;,&quot;shutter_speed&quot;:&quot;0&quot;,&quot;title&quot;:&quot;&quot;,&quot;orientation&quot;:&quot;0&quot;}\" data-image-title=\"IMG_0589\" data-image-description=\"\" data-image-caption=\"\" data-medium-file=\"https:\/\/i0.wp.com\/lepetitatelier-architectes.fr\/wp-content\/uploads\/2026\/01\/IMG_0589-scaled.jpg?fit=225%2C300&amp;ssl=1\" data-large-file=\"https:\/\/i0.wp.com\/lepetitatelier-architectes.fr\/wp-content\/uploads\/2026\/01\/IMG_0589-scaled.jpg?fit=768%2C1024&amp;ssl=1\" width=\"768\" height=\"1024\" src=\"https:\/\/i0.wp.com\/lepetitatelier-architectes.fr\/wp-content\/uploads\/2026\/01\/IMG_0589-scaled.jpg?fit=768%2C1024&amp;ssl=1\" class=\"attachment-large size-large wp-image-5045\" alt=\"\" srcset=\"https:\/\/i0.wp.com\/lepetitatelier-architectes.fr\/wp-content\/uploads\/2026\/01\/IMG_0589-scaled.jpg?w=1920&amp;ssl=1 1920w, https:\/\/i0.wp.com\/lepetitatelier-architectes.fr\/wp-content\/uploads\/2026\/01\/IMG_0589-scaled.jpg?resize=225%2C300&amp;ssl=1 225w\" sizes=\"auto, (max-width: 768px) 100vw, 768px\" data-attachment-id=\"5045\" data-permalink=\"https:\/\/lepetitatelier-architectes.fr\/index.php\/agence\/img_0589\/\" data-orig-file=\"https:\/\/i0.wp.com\/lepetitatelier-architectes.fr\/wp-content\/uploads\/2026\/01\/IMG_0589-scaled.jpg?fit=1920%2C2560&amp;ssl=1\" data-orig-size=\"1920,2560\" data-comments-opened=\"1\" data-image-meta=\"{&quot;aperture&quot;:&quot;0&quot;,&quot;credit&quot;:&quot;&quot;,&quot;camera&quot;:&quot;&quot;,&quot;caption&quot;:&quot;&quot;,&quot;created_timestamp&quot;:&quot;0&quot;,&quot;copyright&quot;:&quot;&quot;,&quot;focal_length&quot;:&quot;0&quot;,&quot;iso&quot;:&quot;0&quot;,&quot;shutter_speed&quot;:&quot;0&quot;,&quot;title&quot;:&quot;&quot;,&quot;orientation&quot;:&quot;0&quot;}\" data-image-title=\"IMG_0589\" data-image-description=\"\" data-image-caption=\"\" data-medium-file=\"https:\/\/i0.wp.com\/lepetitatelier-architectes.fr\/wp-content\/uploads\/2026\/01\/IMG_0589-scaled.jpg?fit=225%2C300&amp;ssl=1\" data-large-file=\"https:\/\/i0.wp.com\/lepetitatelier-architectes.fr\/wp-content\/uploads\/2026\/01\/IMG_0589-scaled.jpg?fit=768%2C1024&amp;ssl=1\" \/>\t\t\t\t\t\t\t\t\t\t\t\t\t\t\t<\/div>\n\t\t\t\t<\/div>\n\t\t\t\t<\/div>\n\t\t\t\t<\/div>\n\t\t<div class=\"elementor-element elementor-element-7a4cdf2 e-con-full e-flex e-con e-parent\" data-id=\"7a4cdf2\" data-element_type=\"container\" data-e-type=\"container\">\n\t\t<div class=\"elementor-element elementor-element-0a0dd3f e-con-full e-flex e-con e-child\" data-id=\"0a0dd3f\" data-element_type=\"container\" data-e-type=\"container\" data-settings=\"{&quot;background_background&quot;:&quot;classic&quot;}\">\n\t\t\t\t<div class=\"elementor-element elementor-element-eaf240b elementor-widget elementor-widget-image\" data-id=\"eaf240b\" data-element_type=\"widget\" data-e-type=\"widget\" data-widget_type=\"image.default\">\n\t\t\t\t<div class=\"elementor-widget-container\">\n\t\t\t\t\t\t\t\t\t\t\t\t\t\t\t<img loading=\"lazy\" decoding=\"async\" data-attachment-id=\"5044\" data-permalink=\"https:\/\/lepetitatelier-architectes.fr\/index.php\/agence\/img_1244\/\" data-orig-file=\"https:\/\/i0.wp.com\/lepetitatelier-architectes.fr\/wp-content\/uploads\/2026\/01\/IMG_1244-scaled-e1767954432224.jpg?fit=1835%2C2125&amp;ssl=1\" data-orig-size=\"1835,2125\" data-comments-opened=\"1\" data-image-meta=\"{&quot;aperture&quot;:&quot;0&quot;,&quot;credit&quot;:&quot;&quot;,&quot;camera&quot;:&quot;&quot;,&quot;caption&quot;:&quot;&quot;,&quot;created_timestamp&quot;:&quot;0&quot;,&quot;copyright&quot;:&quot;&quot;,&quot;focal_length&quot;:&quot;0&quot;,&quot;iso&quot;:&quot;0&quot;,&quot;shutter_speed&quot;:&quot;0&quot;,&quot;title&quot;:&quot;&quot;,&quot;orientation&quot;:&quot;0&quot;}\" data-image-title=\"IMG_1244\" data-image-description=\"\" data-image-caption=\"\" data-medium-file=\"https:\/\/i0.wp.com\/lepetitatelier-architectes.fr\/wp-content\/uploads\/2026\/01\/IMG_1244-scaled-e1767954432224.jpg?fit=259%2C300&amp;ssl=1\" data-large-file=\"https:\/\/i0.wp.com\/lepetitatelier-architectes.fr\/wp-content\/uploads\/2026\/01\/IMG_1244-scaled-e1767954432224.jpg?fit=884%2C1024&amp;ssl=1\" width=\"884\" height=\"1024\" src=\"https:\/\/i0.wp.com\/lepetitatelier-architectes.fr\/wp-content\/uploads\/2026\/01\/IMG_1244-scaled-e1767954432224.jpg?fit=884%2C1024&amp;ssl=1\" class=\"attachment-large size-large wp-image-5044\" alt=\"\" srcset=\"https:\/\/i0.wp.com\/lepetitatelier-architectes.fr\/wp-content\/uploads\/2026\/01\/IMG_1244-scaled-e1767954432224.jpg?w=1835&amp;ssl=1 1835w, https:\/\/i0.wp.com\/lepetitatelier-architectes.fr\/wp-content\/uploads\/2026\/01\/IMG_1244-scaled-e1767954432224.jpg?resize=259%2C300&amp;ssl=1 259w, https:\/\/i0.wp.com\/lepetitatelier-architectes.fr\/wp-content\/uploads\/2026\/01\/IMG_1244-scaled-e1767954432224.jpg?resize=884%2C1024&amp;ssl=1 884w, https:\/\/i0.wp.com\/lepetitatelier-architectes.fr\/wp-content\/uploads\/2026\/01\/IMG_1244-scaled-e1767954432224.jpg?resize=768%2C889&amp;ssl=1 768w, https:\/\/i0.wp.com\/lepetitatelier-architectes.fr\/wp-content\/uploads\/2026\/01\/IMG_1244-scaled-e1767954432224.jpg?resize=1326%2C1536&amp;ssl=1 1326w, https:\/\/i0.wp.com\/lepetitatelier-architectes.fr\/wp-content\/uploads\/2026\/01\/IMG_1244-scaled-e1767954432224.jpg?resize=1769%2C2048&amp;ssl=1 1769w\" sizes=\"auto, (max-width: 884px) 100vw, 884px\" data-attachment-id=\"5044\" data-permalink=\"https:\/\/lepetitatelier-architectes.fr\/index.php\/agence\/img_1244\/\" data-orig-file=\"https:\/\/i0.wp.com\/lepetitatelier-architectes.fr\/wp-content\/uploads\/2026\/01\/IMG_1244-scaled-e1767954432224.jpg?fit=1835%2C2125&amp;ssl=1\" data-orig-size=\"1835,2125\" data-comments-opened=\"1\" data-image-meta=\"{&quot;aperture&quot;:&quot;0&quot;,&quot;credit&quot;:&quot;&quot;,&quot;camera&quot;:&quot;&quot;,&quot;caption&quot;:&quot;&quot;,&quot;created_timestamp&quot;:&quot;0&quot;,&quot;copyright&quot;:&quot;&quot;,&quot;focal_length&quot;:&quot;0&quot;,&quot;iso&quot;:&quot;0&quot;,&quot;shutter_speed&quot;:&quot;0&quot;,&quot;title&quot;:&quot;&quot;,&quot;orientation&quot;:&quot;0&quot;}\" data-image-title=\"IMG_1244\" data-image-description=\"\" data-image-caption=\"\" data-medium-file=\"https:\/\/i0.wp.com\/lepetitatelier-architectes.fr\/wp-content\/uploads\/2026\/01\/IMG_1244-scaled-e1767954432224.jpg?fit=259%2C300&amp;ssl=1\" data-large-file=\"https:\/\/i0.wp.com\/lepetitatelier-architectes.fr\/wp-content\/uploads\/2026\/01\/IMG_1244-scaled-e1767954432224.jpg?fit=884%2C1024&amp;ssl=1\" \/>\t\t\t\t\t\t\t\t\t\t\t\t\t\t\t<\/div>\n\t\t\t\t<\/div>\n\t\t\t\t<\/div>\n\t\t<div class=\"elementor-element elementor-element-4454be6 e-con-full e-flex e-con e-child\" data-id=\"4454be6\" data-element_type=\"container\" data-e-type=\"container\">\n\t\t\t\t<div class=\"elementor-element elementor-element-9075094 elementor-widget elementor-widget-heading\" data-id=\"9075094\" data-element_type=\"widget\" data-e-type=\"widget\" data-widget_type=\"heading.default\">\n\t\t\t\t<div class=\"elementor-widget-container\">\n\t\t\t\t\t<h6 class=\"elementor-heading-title elementor-size-default\">Alice Duteil, architecte d\u2019int\u00e9rieur en formation, poursuit son alternance au sein de l\u2019agence. Passionn\u00e9e, elle se distingue par sa cr\u00e9ativit\u00e9 et sa rigueur, cultiv\u00e9e aussi bien dans ses \u00e9tudes que dans sa pratique sportive. cette exigence personnelle se refl\u00e8te dans ses projets : pr\u00e9cision du rait, soin du d\u00e9tail, \u00e9quilibre des mati\u00e8res et des volumes. de l\u2019esquisse \u00e0 l\u2019\u00e9laboration finale du projet, elle s\u2019investit avec m\u00e9thode et sensibilit\u00e9.<\/h6>\t\t\t\t<\/div>\n\t\t\t\t<\/div>\n\t\t\t\t<\/div>\n\t\t<div class=\"elementor-element elementor-element-7576227 e-con-full e-flex e-con e-child\" data-id=\"7576227\" data-element_type=\"container\" data-e-type=\"container\">\n\t\t\t\t<div class=\"elementor-element elementor-element-5a0733f elementor-widget elementor-widget-image\" data-id=\"5a0733f\" data-element_type=\"widget\" data-e-type=\"widget\" data-widget_type=\"image.default\">\n\t\t\t\t<div class=\"elementor-widget-container\">\n\t\t\t\t\t\t\t\t\t\t\t\t\t\t\t<img loading=\"lazy\" decoding=\"async\" data-attachment-id=\"5060\" data-permalink=\"https:\/\/lepetitatelier-architectes.fr\/index.php\/agence\/attachment\/1764019888585\/\" data-orig-file=\"https:\/\/i0.wp.com\/lepetitatelier-architectes.fr\/wp-content\/uploads\/2026\/01\/1764019888585.jpg?fit=800%2C800&amp;ssl=1\" data-orig-size=\"800,800\" data-comments-opened=\"1\" data-image-meta=\"{&quot;aperture&quot;:&quot;0&quot;,&quot;credit&quot;:&quot;&quot;,&quot;camera&quot;:&quot;&quot;,&quot;caption&quot;:&quot;&quot;,&quot;created_timestamp&quot;:&quot;0&quot;,&quot;copyright&quot;:&quot;&quot;,&quot;focal_length&quot;:&quot;0&quot;,&quot;iso&quot;:&quot;0&quot;,&quot;shutter_speed&quot;:&quot;0&quot;,&quot;title&quot;:&quot;&quot;,&quot;orientation&quot;:&quot;0&quot;}\" data-image-title=\"1764019888585\" data-image-description=\"\" data-image-caption=\"\" data-medium-file=\"https:\/\/i0.wp.com\/lepetitatelier-architectes.fr\/wp-content\/uploads\/2026\/01\/1764019888585.jpg?fit=300%2C300&amp;ssl=1\" data-large-file=\"https:\/\/i0.wp.com\/lepetitatelier-architectes.fr\/wp-content\/uploads\/2026\/01\/1764019888585.jpg?fit=800%2C800&amp;ssl=1\" width=\"800\" height=\"800\" src=\"https:\/\/i0.wp.com\/lepetitatelier-architectes.fr\/wp-content\/uploads\/2026\/01\/1764019888585.jpg?fit=800%2C800&amp;ssl=1\" class=\"attachment-large size-large wp-image-5060\" alt=\"\" srcset=\"https:\/\/i0.wp.com\/lepetitatelier-architectes.fr\/wp-content\/uploads\/2026\/01\/1764019888585.jpg?w=800&amp;ssl=1 800w, https:\/\/i0.wp.com\/lepetitatelier-architectes.fr\/wp-content\/uploads\/2026\/01\/1764019888585.jpg?resize=300%2C300&amp;ssl=1 300w, https:\/\/i0.wp.com\/lepetitatelier-architectes.fr\/wp-content\/uploads\/2026\/01\/1764019888585.jpg?resize=150%2C150&amp;ssl=1 150w, https:\/\/i0.wp.com\/lepetitatelier-architectes.fr\/wp-content\/uploads\/2026\/01\/1764019888585.jpg?resize=768%2C768&amp;ssl=1 768w\" sizes=\"auto, (max-width: 800px) 100vw, 800px\" data-attachment-id=\"5060\" data-permalink=\"https:\/\/lepetitatelier-architectes.fr\/index.php\/agence\/attachment\/1764019888585\/\" data-orig-file=\"https:\/\/i0.wp.com\/lepetitatelier-architectes.fr\/wp-content\/uploads\/2026\/01\/1764019888585.jpg?fit=800%2C800&amp;ssl=1\" data-orig-size=\"800,800\" data-comments-opened=\"1\" data-image-meta=\"{&quot;aperture&quot;:&quot;0&quot;,&quot;credit&quot;:&quot;&quot;,&quot;camera&quot;:&quot;&quot;,&quot;caption&quot;:&quot;&quot;,&quot;created_timestamp&quot;:&quot;0&quot;,&quot;copyright&quot;:&quot;&quot;,&quot;focal_length&quot;:&quot;0&quot;,&quot;iso&quot;:&quot;0&quot;,&quot;shutter_speed&quot;:&quot;0&quot;,&quot;title&quot;:&quot;&quot;,&quot;orientation&quot;:&quot;0&quot;}\" data-image-title=\"1764019888585\" data-image-description=\"\" data-image-caption=\"\" data-medium-file=\"https:\/\/i0.wp.com\/lepetitatelier-architectes.fr\/wp-content\/uploads\/2026\/01\/1764019888585.jpg?fit=300%2C300&amp;ssl=1\" data-large-file=\"https:\/\/i0.wp.com\/lepetitatelier-architectes.fr\/wp-content\/uploads\/2026\/01\/1764019888585.jpg?fit=800%2C800&amp;ssl=1\" \/>\t\t\t\t\t\t\t\t\t\t\t\t\t\t\t<\/div>\n\t\t\t\t<\/div>\n\t\t\t\t<\/div>\n\t\t<div class=\"elementor-element elementor-element-3278460 e-con-full e-flex e-con e-child\" data-id=\"3278460\" data-element_type=\"container\" data-e-type=\"container\">\n\t\t\t\t<div class=\"elementor-element elementor-element-5284e8d elementor-widget elementor-widget-heading\" data-id=\"5284e8d\" data-element_type=\"widget\" data-e-type=\"widget\" data-widget_type=\"heading.default\">\n\t\t\t\t<div class=\"elementor-widget-container\">\n\t\t\t\t\t<h6 class=\"elementor-heading-title elementor-size-default\">Ma\u00efdie Desbouiges, architecte d'int\u00e9rieur de l\u2019ESDAC, a rejoint l\u2019\u00e9quipe en Octobre 2025. Entre architecture, dessin et chantier, ses passions nourrissent son imagination et sa sensibilit\u00e9. Elle a un regard aff\u00fbt\u00e9, \u00e0 la crois\u00e9e du design et de la technique - une vraie force pour faire \u00e9merger des projets justes. Son terrain de jeu pr\u00e9f\u00e9r\u00e9 ? Crayon, feutres et calques !<\/h6>\t\t\t\t<\/div>\n\t\t\t\t<\/div>\n\t\t\t\t<\/div>\n\t\t\t\t<\/div>\n\t\t<div class=\"elementor-element elementor-element-97ed28e e-flex e-con-boxed e-con e-parent\" data-id=\"97ed28e\" data-element_type=\"container\" data-e-type=\"container\" data-settings=\"{&quot;background_background&quot;:&quot;classic&quot;}\">\n\t\t\t\t\t<div class=\"e-con-inner\">\n\t\t\t\t<div class=\"elementor-element elementor-element-c080de9 elementor-widget elementor-widget-heading\" data-id=\"c080de9\" data-element_type=\"widget\" data-e-type=\"widget\" data-widget_type=\"heading.default\">\n\t\t\t\t<div class=\"elementor-widget-container\">\n\t\t\t\t\t<h2 class=\"elementor-heading-title elementor-size-default\">Ils ont aussi travaill\u00e9 \u00e0 l'Atelier<\/h2>\t\t\t\t<\/div>\n\t\t\t\t<\/div>\n\t\t\t\t<div class=\"elementor-element elementor-element-c8e29dc elementor-widget elementor-widget-heading\" data-id=\"c8e29dc\" data-element_type=\"widget\" data-e-type=\"widget\" data-widget_type=\"heading.default\">\n\t\t\t\t<div class=\"elementor-widget-container\">\n\t\t\t\t\t<h6 class=\"elementor-heading-title elementor-size-default\"><b>\u00b7<\/b> Caroline Sesbo\u00fc\u00e9<br><span style=\"font-weight: 700\">\u00b7 <\/span>Louis Garnier<br><span style=\"font-weight: 700\">\u00b7 <\/span>Sami Aarab<br><span style=\"font-weight: 700\">\u00b7 <\/span>Charles Beaulieu<br><span style=\"font-weight: 700\">\u00b7 <\/span>Tiffany Bricout<span style=\"font-size: 1rem;font-style: inherit\"><\/span><\/h6>\t\t\t\t<\/div>\n\t\t\t\t<\/div>\n\t\t\t\t\t<\/div>\n\t\t\t\t<\/div>\n\t\t\t\t<\/div>\n\t\t","protected":false},"excerpt":{"rendered":"<p>le petit atelier, c&rsquo;est quoi ? Nos missions Notre but est de vous accompagner dans votre projet, le penser, le [&hellip;]<\/p>\n","protected":false},"author":1,"featured_media":0,"parent":0,"menu_order":0,"comment_status":"closed","ping_status":"closed","template":"","meta":{"site-sidebar-layout":"default","site-content-layout":"","ast-site-content-layout":"full-width-container","site-content-style":"default","site-sidebar-style":"default","ast-global-header-display":"","ast-banner-title-visibility":"","ast-main-header-display":"","ast-hfb-above-header-display":"","ast-hfb-below-header-display":"","ast-hfb-mobile-header-display":"","site-post-title":"disabled","ast-breadcrumbs-content":"","ast-featured-img":"","footer-sml-layout":"","ast-disable-related-posts":"","theme-transparent-header-meta":"","adv-header-id-meta":"","stick-header-meta":"","header-above-stick-meta":"","header-main-stick-meta":"","header-below-stick-meta":"","astra-migrate-meta-layouts":"default","ast-page-background-enabled":"default","ast-page-background-meta":{"desktop":{"background-color":"var(--ast-global-color-5)","background-image":"","background-repeat":"repeat","background-position":"center center","background-size":"auto","background-attachment":"scroll","background-type":"","background-media":"","overlay-type":"","overlay-color":"","overlay-opacity":"","overlay-gradient":""},"tablet":{"background-color":"","background-image":"","background-repeat":"repeat","background-position":"center center","background-size":"auto","background-attachment":"scroll","background-type":"","background-media":"","overlay-type":"","overlay-color":"","overlay-opacity":"","overlay-gradient":""},"mobile":{"background-color":"","background-image":"","background-repeat":"repeat","background-position":"center center","background-size":"auto","background-attachment":"scroll","background-type":"","background-media":"","overlay-type":"","overlay-color":"","overlay-opacity":"","overlay-gradient":""}},"ast-content-background-meta":{"desktop":{"background-color":"var(--ast-global-color-4)","background-image":"","background-repeat":"repeat","background-position":"center center","background-size":"auto","background-attachment":"scroll","background-type":"","background-media":"","overlay-type":"","overlay-color":"","overlay-opacity":"","overlay-gradient":""},"tablet":{"background-color":"var(--ast-global-color-4)","background-image":"","background-repeat":"repeat","background-position":"center center","background-size":"auto","background-attachment":"scroll","background-type":"","background-media":"","overlay-type":"","overlay-color":"","overlay-opacity":"","overlay-gradient":""},"mobile":{"background-color":"var(--ast-global-color-4)","background-image":"","background-repeat":"repeat","background-position":"center center","background-size":"auto","background-attachment":"scroll","background-type":"","background-media":"","overlay-type":"","overlay-color":"","overlay-opacity":"","overlay-gradient":""}},"_themeisle_gutenberg_block_has_review":false,"footnotes":""},"class_list":["post-5042","page","type-page","status-publish","hentry"],"jetpack_sharing_enabled":true,"jetpack_shortlink":"https:\/\/wp.me\/P9pbYb-1jk","_links":{"self":[{"href":"https:\/\/lepetitatelier-architectes.fr\/index.php\/wp-json\/wp\/v2\/pages\/5042","targetHints":{"allow":["GET"]}}],"collection":[{"href":"https:\/\/lepetitatelier-architectes.fr\/index.php\/wp-json\/wp\/v2\/pages"}],"about":[{"href":"https:\/\/lepetitatelier-architectes.fr\/index.php\/wp-json\/wp\/v2\/types\/page"}],"author":[{"embeddable":true,"href":"https:\/\/lepetitatelier-architectes.fr\/index.php\/wp-json\/wp\/v2\/users\/1"}],"replies":[{"embeddable":true,"href":"https:\/\/lepetitatelier-architectes.fr\/index.php\/wp-json\/wp\/v2\/comments?post=5042"}],"version-history":[{"count":15,"href":"https:\/\/lepetitatelier-architectes.fr\/index.php\/wp-json\/wp\/v2\/pages\/5042\/revisions"}],"predecessor-version":[{"id":5156,"href":"https:\/\/lepetitatelier-architectes.fr\/index.php\/wp-json\/wp\/v2\/pages\/5042\/revisions\/5156"}],"wp:attachment":[{"href":"https:\/\/lepetitatelier-architectes.fr\/index.php\/wp-json\/wp\/v2\/media?parent=5042"}],"curies":[{"name":"wp","href":"https:\/\/api.w.org\/{rel}","templated":true}]}}